{"id":980,"date":"2025-10-02T10:29:54","date_gmt":"2025-10-02T08:29:54","guid":{"rendered":"https:\/\/www.pierrecaner.com\/?page_id=980"},"modified":"2025-10-07T12:48:57","modified_gmt":"2025-10-07T10:48:57","slug":"musique-orchestrale","status":"publish","type":"page","link":"https:\/\/www.pierrecaner.com\/index.php\/musique-orchestrale\/","title":{"rendered":"Musique Orchestrale"},"content":{"rendered":"\n<div class=\"wp-block-group is-layout-constrained wp-block-group-is-layout-constrained\">\n<p>Retrouvez ci-dessous l&rsquo;ensemble du catalogue de musique orchestrale<\/p>\n\n\n\n<div class=\"wp-block-buttons is-content-justification-right is-layout-flex wp-container-core-buttons-is-layout-d445cf74 wp-block-buttons-is-layout-flex\">\n<div class=\"wp-block-button animated bounceIn is-style-fill\"><a class=\"wp-block-button__link has-ti-bg-color has-text-color has-background has-link-color has-small-font-size has-custom-font-size wp-element-button\" href=\"https:\/\/www.pierrecaner.com\/index.php\/compositions\/#motcl\u00e9\" style=\"border-style:none;border-width:0px;border-radius:30px;background-color:#662002;padding-top:0;padding-right:var(--wp--preset--spacing--20);padding-bottom:0;padding-left:var(--wp--preset--spacing--20)\"><em>retour compositions<\/em><\/a><\/div>\n<\/div>\n\n\n\n<div id=\"wp-block-themeisle-blocks-tabs-752e2e1e\" class=\"wp-block-themeisle-blocks-tabs has-light-bg\"><div class=\"wp-block-themeisle-blocks-tabs__content\">\n<div data-title=\"Cordes\" class=\"wp-block-themeisle-blocks-tabs-item\"><div class=\"wp-block-themeisle-blocks-tabs-item__header\" tabindex=\"0\">Cordes<\/div><div class=\"wp-block-themeisle-blocks-tabs-item__content\"><div class=\"is-style-tiled has-light-bg wp-block-themeisle-blocks-posts-grid\" id=\"wp-block-themeisle-blocks-posts-grid-d810e16d\"><div class=\"is-grid o-posts-grid-columns-3\"><div class=\"o-posts-grid-post-blog o-posts-grid-post-plain\" style=\"background-image: url(https:\/\/www.pierrecaner.com\/wp-content\/uploads\/2025\/09\/L_paulin_portrait.jpg); background-size: cover; background-position: center center;\"><div class=\"o-posts-grid-post\"><div class=\"o-posts-grid-post-body\"><span class=\"o-posts-grid-post-category\"><a href=\"https:\/\/www.pierrecaner.com\/index.php\/category\/vocal\/choeur\/choeur_mixte\/mixte_accomp\/\">avec accompagnement<\/a><\/span><h4 class=\"o-posts-grid-post-title\"><a href=\"https:\/\/www.pierrecaner.com\/index.php\/2022\/la-ville-heureuse\/\">La Ville Heureuse<\/a><\/h4><div class=\"o-posts-grid-post-description\"><p>Pi\u00e8ce pour choeur mixte \u00e0 4 voix et orchestre \u00e0 cordes sur un po\u00e8me de Louisa Paulin (1888-1944)\u2026<\/p><\/div><\/div><\/div><\/div><div class=\"o-posts-grid-post-blog o-posts-grid-post-plain\" style=\"background-image: url(https:\/\/www.pierrecaner.com\/wp-content\/uploads\/2017\/06\/Noire-Montagne-e1752346122411.jpg); background-size: cover; background-position: center center;\"><div class=\"o-posts-grid-post\"><div class=\"o-posts-grid-post-body\"><span class=\"o-posts-grid-post-category\"><a href=\"https:\/\/www.pierrecaner.com\/index.php\/category\/vocal\/choeur\/choeur_enfants\/enfants_avec_orch\/\">avec orchestre<\/a><\/span><h4 class=\"o-posts-grid-post-title\"><a href=\"https:\/\/www.pierrecaner.com\/index.php\/2017\/chemins-de-cocagne\/\">Chemins de Cocagne<\/a><\/h4><div class=\"o-posts-grid-post-description\"><p>Promenade tarnaise pour r\u00e9citant, solistes et choeur d\u2019enfants, piano et orchestre \u00e0 cordes Pi\u00e8c\u2026<\/p><\/div><\/div><\/div><\/div><div class=\"o-posts-grid-post-blog o-posts-grid-post-plain\"><div class=\"o-posts-grid-post\"><div class=\"o-posts-grid-post-body is-full\"><span class=\"o-posts-grid-post-category\"><a href=\"https:\/\/www.pierrecaner.com\/index.php\/category\/vocal\/soliste\/avec_soliste\/\">avec soliste<\/a><\/span><h4 class=\"o-posts-grid-post-title\"><a href=\"https:\/\/www.pierrecaner.com\/index.php\/2006\/ave-maria-ii\/\">Ave Maria II<\/a><\/h4><div class=\"o-posts-grid-post-description\"><p>Pi\u00e8ce pour soprano solo, harpe et orchestre \u00e0 cordes existe un arrangement avec accompagnement p\u2026<\/p><\/div><\/div><\/div><\/div><div class=\"o-posts-grid-post-blog o-posts-grid-post-plain\" style=\"background-image: url(https:\/\/www.pierrecaner.com\/wp-content\/uploads\/2006\/07\/La-Vierge-au-Lys-by-William-Bouguereau-1899-e1756133759973.jpg); background-size: cover; background-position: center center;\"><div class=\"o-posts-grid-post\"><div class=\"o-posts-grid-post-body\"><span class=\"o-posts-grid-post-category\"><a href=\"https:\/\/www.pierrecaner.com\/index.php\/category\/vocal\/choeur\/choeur_mixte\/mixte_accomp\/\">avec accompagnement<\/a><\/span><h4 class=\"o-posts-grid-post-title\"><a href=\"https:\/\/www.pierrecaner.com\/index.php\/2006\/missa-virginis\/\">Missa Virginis<\/a><\/h4><div class=\"o-posts-grid-post-description\"><p>Messe pour soprano et baryton solo, choeur mixte, orchestre \u00e0 cordes, orgue, timbales et percuss\u2026<\/p><\/div><\/div><\/div><\/div><div class=\"o-posts-grid-post-blog o-posts-grid-post-plain\"><div class=\"o-posts-grid-post\"><div class=\"o-posts-grid-post-body is-full\"><span class=\"o-posts-grid-post-category\"><a href=\"https:\/\/www.pierrecaner.com\/index.php\/category\/vocal\/choeur\/choeur_mixte\/mixte_accomp\/\">avec accompagnement<\/a><\/span><h4 class=\"o-posts-grid-post-title\"><a href=\"https:\/\/www.pierrecaner.com\/index.php\/2006\/trois-pieces\/\">Trois pi\u00e8ces<\/a><\/h4><div class=\"o-posts-grid-post-description\"><p>Trois pi\u00e8ces pour choeur mixte et orchestre \u00e0 cordes Version pour orchestre \u00e0 cordes des trois p\u2026<\/p><\/div><\/div><\/div><\/div><\/div> <\/div>\n\n\n<div style=\"height:17px\" aria-hidden=\"true\" class=\"wp-block-spacer\"><\/div>\n\n\n\n<div class=\"wp-block-buttons is-content-justification-right is-layout-flex wp-container-core-buttons-is-layout-d445cf74 wp-block-buttons-is-layout-flex\">\n<div class=\"wp-block-button animated bounceIn is-style-fill\"><a class=\"wp-block-button__link has-ti-bg-color has-text-color has-background has-link-color has-small-font-size has-custom-font-size wp-element-button\" href=\"#top\" style=\"border-style:none;border-width:0px;border-radius:30px;background-color:#662002;padding-top:0;padding-right:var(--wp--preset--spacing--20);padding-bottom:0;padding-left:var(--wp--preset--spacing--20)\"><em>Haut de page<\/em><\/a><\/div>\n<\/div>\n<\/div><\/div>\n\n\n\n<div data-title=\"Symphonique\" class=\"wp-block-themeisle-blocks-tabs-item\"><div class=\"wp-block-themeisle-blocks-tabs-item__header\" tabindex=\"0\">Symphonique<\/div><div class=\"wp-block-themeisle-blocks-tabs-item__content\"><div class=\"is-style-tiled has-light-bg wp-block-themeisle-blocks-posts-grid\" id=\"wp-block-themeisle-blocks-posts-grid-eede1794\"><div class=\"is-grid o-posts-grid-columns-3\"><div class=\"o-posts-grid-post-blog o-posts-grid-post-plain\"><div class=\"o-posts-grid-post\"><div class=\"o-posts-grid-post-body is-full\"><span class=\"o-posts-grid-post-category\"><a href=\"https:\/\/www.pierrecaner.com\/index.php\/category\/orchestre\/\">orchestre<\/a><\/span><h4 class=\"o-posts-grid-post-title\"><a href=\"https:\/\/www.pierrecaner.com\/index.php\/2024\/__trashed\/\">E.I.K.<\/a><\/h4><div class=\"o-posts-grid-post-description\"><p>Pi\u00e8ce pour violoncelle solo, piano et orchestre Ann\u00e9e de composition : 2024 Dur\u00e9e : 4&rsquo;20 C\u2026<\/p><\/div><\/div><\/div><\/div><div class=\"o-posts-grid-post-blog o-posts-grid-post-plain\" style=\"background-image: url(https:\/\/www.pierrecaner.com\/wp-content\/uploads\/2025\/07\/Petite_valse.jpg); background-size: cover; background-position: center center;\"><div class=\"o-posts-grid-post\"><div class=\"o-posts-grid-post-body\"><span class=\"o-posts-grid-post-category\"><a href=\"https:\/\/www.pierrecaner.com\/index.php\/category\/orchestre\/\">orchestre<\/a><\/span><h4 class=\"o-posts-grid-post-title\"><a href=\"https:\/\/www.pierrecaner.com\/index.php\/2020\/petite-valse-du-confinement\/\">Petite Valse du Confinement<\/a><\/h4><div class=\"o-posts-grid-post-description\"><p>Pi\u00e8ce symphonique pour grand orchestre virtuel Episode I, \u00e9pisode II et version symphonique Pi\u00e8c\u2026<\/p><\/div><\/div><\/div><\/div><div class=\"o-posts-grid-post-blog o-posts-grid-post-plain\" style=\"background-image: url(https:\/\/www.pierrecaner.com\/wp-content\/uploads\/2019\/05\/magnificat-M-V2-site.jpg); background-size: cover; background-position: center center;\"><div class=\"o-posts-grid-post\"><div class=\"o-posts-grid-post-body\"><span class=\"o-posts-grid-post-category\"><a href=\"https:\/\/www.pierrecaner.com\/index.php\/category\/vocal\/choeur\/choeur_mixte\/mixte_accomp\/\">avec accompagnement<\/a><\/span><h4 class=\"o-posts-grid-post-title\"><a href=\"https:\/\/www.pierrecaner.com\/index.php\/2019\/magnificat\/\">Magnificat<\/a><\/h4><div class=\"o-posts-grid-post-description\"><p>Pour deux sopranos, choeur d&rsquo;enfants, choeur mixte, orgue et orchestre Pi\u00e8ce nomm\u00e9e pour L\u2026<\/p><\/div><\/div><\/div><\/div><div class=\"o-posts-grid-post-blog o-posts-grid-post-plain\"><div class=\"o-posts-grid-post\"><div class=\"o-posts-grid-post-body is-full\"><span class=\"o-posts-grid-post-category\"><a href=\"https:\/\/www.pierrecaner.com\/index.php\/category\/vocal\/soliste\/avec_soliste\/\">avec soliste<\/a><\/span><h4 class=\"o-posts-grid-post-title\"><a href=\"https:\/\/www.pierrecaner.com\/index.php\/2012\/prisme\/\">Prisme<\/a><\/h4><div class=\"o-posts-grid-post-description\"><p>Concerto pour violoncelle, soprano et orchestre Pi\u00e8ce en cinq mouvements d\u00e9di\u00e9e \u00e0 Lowri Blake, v\u2026<\/p><\/div><\/div><\/div><\/div><\/div> <\/div>\n\n\n<div style=\"height:17px\" aria-hidden=\"true\" class=\"wp-block-spacer\"><\/div>\n\n\n\n<div class=\"wp-block-buttons is-content-justification-right is-layout-flex wp-container-core-buttons-is-layout-d445cf74 wp-block-buttons-is-layout-flex\">\n<div class=\"wp-block-button animated bounceIn is-style-fill\"><a class=\"wp-block-button__link has-ti-bg-color has-text-color has-background has-link-color has-small-font-size has-custom-font-size wp-element-button\" href=\"#top\" style=\"border-style:none;border-width:0px;border-radius:30px;background-color:#662002;padding-top:0;padding-right:var(--wp--preset--spacing--20);padding-bottom:0;padding-left:var(--wp--preset--spacing--20)\"><em>Haut de page<\/em><\/a><\/div>\n<\/div>\n<\/div><\/div>\n\n\n\n<div data-title=\"Harmonie\" class=\"wp-block-themeisle-blocks-tabs-item\"><div class=\"wp-block-themeisle-blocks-tabs-item__header\" tabindex=\"0\">Harmonie<\/div><div class=\"wp-block-themeisle-blocks-tabs-item__content\"><div class=\"is-style-tiled has-light-bg wp-block-themeisle-blocks-posts-grid\" id=\"wp-block-themeisle-blocks-posts-grid-8716205f\"><div class=\"is-grid o-posts-grid-columns-3\"><\/div> <\/div>\n\n\n<div style=\"height:17px\" aria-hidden=\"true\" class=\"wp-block-spacer\"><\/div>\n\n\n\n<div class=\"wp-block-buttons is-content-justification-right is-layout-flex wp-container-core-buttons-is-layout-d445cf74 wp-block-buttons-is-layout-flex\">\n<div class=\"wp-block-button animated bounceIn is-style-fill\"><a class=\"wp-block-button__link has-ti-bg-color has-text-color has-background has-link-color has-small-font-size has-custom-font-size wp-element-button\" href=\"#top\" style=\"border-style:none;border-width:0px;border-radius:30px;background-color:#662002;padding-top:0;padding-right:var(--wp--preset--spacing--20);padding-bottom:0;padding-left:var(--wp--preset--spacing--20)\"><em>Haut de page<\/em><\/a><\/div>\n<\/div>\n<\/div><\/div>\n\n\n\n<div data-title=\"Brass-Band\" class=\"wp-block-themeisle-blocks-tabs-item\"><div class=\"wp-block-themeisle-blocks-tabs-item__header\" tabindex=\"0\">Brass-Band<\/div><div class=\"wp-block-themeisle-blocks-tabs-item__content\"><div class=\"is-style-tiled has-light-bg wp-block-themeisle-blocks-posts-grid\" id=\"wp-block-themeisle-blocks-posts-grid-5a2ff352\"><div class=\"is-grid o-posts-grid-columns-3\"><div class=\"o-posts-grid-post-blog o-posts-grid-post-plain\"><div class=\"o-posts-grid-post\"><div class=\"o-posts-grid-post-body is-full\"><span class=\"o-posts-grid-post-category\"><a href=\"https:\/\/www.pierrecaner.com\/index.php\/category\/orchestre\/brass_band\/\">brass-band<\/a><\/span><h4 class=\"o-posts-grid-post-title\"><a href=\"https:\/\/www.pierrecaner.com\/index.php\/2009\/la-mort-du-roi\/\">La Mort du Roi<\/a><\/h4><div class=\"o-posts-grid-post-description\"><p>Pi\u00e8ce pour Brass-band pi\u00e8ce command\u00e9e par le Conservatoire de Musique et de Danse de l&rsquo;Ave\u2026<\/p><\/div><\/div><\/div><\/div><\/div> <\/div>\n\n\n<div style=\"height:17px\" aria-hidden=\"true\" class=\"wp-block-spacer\"><\/div>\n\n\n\n<div class=\"wp-block-buttons is-content-justification-right is-layout-flex wp-container-core-buttons-is-layout-d445cf74 wp-block-buttons-is-layout-flex\">\n<div class=\"wp-block-button animated bounceIn is-style-fill\"><a class=\"wp-block-button__link has-ti-bg-color has-text-color has-background has-link-color has-small-font-size has-custom-font-size wp-element-button\" href=\"#top\" style=\"border-style:none;border-width:0px;border-radius:30px;background-color:#662002;padding-top:0;padding-right:var(--wp--preset--spacing--20);padding-bottom:0;padding-left:var(--wp--preset--spacing--20)\"><em>Haut de page<\/em><\/a><\/div>\n<\/div>\n<\/div><\/div>\n<\/div><\/div>\n<\/div>\n","protected":false},"excerpt":{"rendered":"<p>Retrouvez ci-dessous l&rsquo;ensemble du catalogue de musique orchestrale<\/p>\n","protected":false},"author":1,"featured_media":0,"parent":0,"menu_order":0,"comment_status":"closed","ping_status":"closed","template":"","meta":{"_themeisle_gutenberg_block_has_review":false,"footnotes":""},"class_list":["post-980","page","type-page","status-publish","hentry"],"_links":{"self":[{"href":"https:\/\/www.pierrecaner.com\/index.php\/wp-json\/wp\/v2\/pages\/980","targetHints":{"allow":["GET"]}}],"collection":[{"href":"https:\/\/www.pierrecaner.com\/index.php\/wp-json\/wp\/v2\/pages"}],"about":[{"href":"https:\/\/www.pierrecaner.com\/index.php\/wp-json\/wp\/v2\/types\/page"}],"author":[{"embeddable":true,"href":"https:\/\/www.pierrecaner.com\/index.php\/wp-json\/wp\/v2\/users\/1"}],"replies":[{"embeddable":true,"href":"https:\/\/www.pierrecaner.com\/index.php\/wp-json\/wp\/v2\/comments?post=980"}],"version-history":[{"count":14,"href":"https:\/\/www.pierrecaner.com\/index.php\/wp-json\/wp\/v2\/pages\/980\/revisions"}],"predecessor-version":[{"id":1525,"href":"https:\/\/www.pierrecaner.com\/index.php\/wp-json\/wp\/v2\/pages\/980\/revisions\/1525"}],"wp:attachment":[{"href":"https:\/\/www.pierrecaner.com\/index.php\/wp-json\/wp\/v2\/media?parent=980"}],"curies":[{"name":"wp","href":"https:\/\/api.w.org\/{rel}","templated":true}]}}