{"id":911,"date":"2025-10-01T11:20:09","date_gmt":"2025-10-01T09:20:09","guid":{"rendered":"https:\/\/www.pierrecaner.com\/?page_id=911"},"modified":"2025-10-07T12:48:18","modified_gmt":"2025-10-07T10:48:18","slug":"musique-vocale","status":"publish","type":"page","link":"https:\/\/www.pierrecaner.com\/index.php\/musique-vocale\/","title":{"rendered":"Musique Vocale"},"content":{"rendered":"\n<div class=\"wp-block-group is-layout-constrained wp-block-group-is-layout-constrained\">\n<p>Retrouvez ci-dessous l&rsquo;ensemble du catalogue de musique vocale<\/p>\n\n\n\n<div class=\"wp-block-buttons is-content-justification-right is-layout-flex wp-container-core-buttons-is-layout-d445cf74 wp-block-buttons-is-layout-flex\">\n<div class=\"wp-block-button animated bounceIn is-style-fill\"><a class=\"wp-block-button__link has-ti-bg-color has-text-color has-background has-link-color has-small-font-size has-custom-font-size wp-element-button\" href=\"https:\/\/www.pierrecaner.com\/index.php\/compositions\/#motcl\u00e9\" style=\"border-style:none;border-width:0px;border-radius:30px;background-color:#662002;padding-top:0;padding-right:var(--wp--preset--spacing--20);padding-bottom:0;padding-left:var(--wp--preset--spacing--20)\"><em>retour compositions<\/em><\/a><\/div>\n<\/div>\n\n\n\n<div id=\"wp-block-themeisle-blocks-tabs-752e2e1e\" class=\"wp-block-themeisle-blocks-tabs has-light-bg\"><div class=\"wp-block-themeisle-blocks-tabs__content\">\n<div data-title=\"Choeur mixte\" class=\"wp-block-themeisle-blocks-tabs-item\"><div class=\"wp-block-themeisle-blocks-tabs-item__header\" tabindex=\"0\">Choeur mixte<\/div><div class=\"wp-block-themeisle-blocks-tabs-item__content\">\n<div id=\"wp-block-themeisle-blocks-button-group-a3d3c9e8\" class=\"wp-block-themeisle-blocks-button-group wp-block-buttons\">\n<div id=\"wp-block-themeisle-blocks-button-e15bc8e2\" class=\"wp-block-themeisle-blocks-button wp-block-button\"><a href=\"#mixte-a-cappella\" target=\"_self\" rel=\"noopener noreferrer\" class=\"wp-block-button__link\"><span>A cappella<\/span><\/a><\/div>\n\n\n\n<div id=\"wp-block-themeisle-blocks-button-59dc6e04\" class=\"wp-block-themeisle-blocks-button wp-block-button\"><a href=\"#mixte-avec-accompagnement\" target=\"_self\" rel=\"noopener noreferrer\" class=\"wp-block-button__link\"><span>Avec accompagnement<\/span><\/a><\/div>\n<\/div>\n\n\n\n<h3 class=\"wp-block-heading has-ti-bg-color has-ti-accent-secondary-background-color has-text-color has-background has-link-color wp-elements-3e1b56d61425adca351c0acb45b9613d\" id=\"mixte-a-cappella\" style=\"border-radius:28px;margin-top:var(--wp--preset--spacing--40);margin-right:0;margin-bottom:var(--wp--preset--spacing--40);margin-left:0;padding-top:var(--wp--preset--spacing--30);padding-right:var(--wp--preset--spacing--50);padding-bottom:var(--wp--preset--spacing--30);padding-left:var(--wp--preset--spacing--50)\">Pi\u00e8ces pour choeur mixte a cappella<\/h3>\n\n\n<div class=\"is-style-tiled has-light-bg wp-block-themeisle-blocks-posts-grid\" id=\"wp-block-themeisle-blocks-posts-grid-d810e16d\"><div class=\"is-grid o-posts-grid-columns-3\"><div class=\"o-posts-grid-post-blog o-posts-grid-post-plain\" style=\"background-image: url(https:\/\/www.pierrecaner.com\/wp-content\/uploads\/2016\/12\/Shakespeare-site-e1752345107754.jpg); background-size: cover; background-position: center center;\"><div class=\"o-posts-grid-post\"><div class=\"o-posts-grid-post-body\"><span class=\"o-posts-grid-post-category\"><a href=\"https:\/\/www.pierrecaner.com\/index.php\/category\/vocal\/choeur\/choeur_mixte\/mixte_a_cappella\/\">a cappella<\/a><\/span><h4 class=\"o-posts-grid-post-title\"><a href=\"https:\/\/www.pierrecaner.com\/index.php\/2016\/trois-sonnets\/\">Trois sonnets<\/a><\/h4><div class=\"o-posts-grid-post-description\"><p>Trois pi\u00e8ces pour choeur mixte a cappella Pi\u00e8ces compos\u00e9es sur des sonnets de William Shakespear\u2026<\/p><\/div><\/div><\/div><\/div><div class=\"o-posts-grid-post-blog o-posts-grid-post-plain\" style=\"background-image: url(https:\/\/www.pierrecaner.com\/wp-content\/uploads\/2025\/07\/Frise.png); background-size: cover; background-position: center center;\"><div class=\"o-posts-grid-post\"><div class=\"o-posts-grid-post-body\"><span class=\"o-posts-grid-post-category\"><a href=\"https:\/\/www.pierrecaner.com\/index.php\/category\/vocal\/choeur\/choeur_mixte\/mixte_a_cappella\/\">a cappella<\/a><\/span><h4 class=\"o-posts-grid-post-title\"><a href=\"https:\/\/www.pierrecaner.com\/index.php\/2016\/those-lips-that-loves\/\">\u201cThose lips that Love\u2019s&#8230;\u201d<\/a><\/h4><div class=\"o-posts-grid-post-description\"><p>Pi\u00e8ce pour choeur mixte a cappella Sur le sonnet CXLV de William Shakespeare\u00ab Those lips that Lo\u2026<\/p><\/div><\/div><\/div><\/div><div class=\"o-posts-grid-post-blog o-posts-grid-post-plain\" style=\"background-image: url(https:\/\/www.pierrecaner.com\/wp-content\/uploads\/2025\/07\/Frise.png); background-size: cover; background-position: center center;\"><div class=\"o-posts-grid-post\"><div class=\"o-posts-grid-post-body\"><span class=\"o-posts-grid-post-category\"><a href=\"https:\/\/www.pierrecaner.com\/index.php\/category\/vocal\/choeur\/choeur_mixte\/mixte_a_cappella\/\">a cappella<\/a><\/span><h4 class=\"o-posts-grid-post-title\"><a href=\"https:\/\/www.pierrecaner.com\/index.php\/2015\/when-most-i-wink\/\">\u201cWhen most I wink&#8230;\u201d<\/a><\/h4><div class=\"o-posts-grid-post-description\"><p>Pi\u00e8ce pour choeur mixte a cappella Sur le sonnet XLIII de William Shakespeare\u00ab When most I wink,\u2026<\/p><\/div><\/div><\/div><\/div><div class=\"o-posts-grid-post-blog o-posts-grid-post-plain\" style=\"background-image: url(https:\/\/www.pierrecaner.com\/wp-content\/uploads\/2025\/07\/Frise.png); background-size: cover; background-position: center center;\"><div class=\"o-posts-grid-post\"><div class=\"o-posts-grid-post-body\"><span class=\"o-posts-grid-post-category\"><a href=\"https:\/\/www.pierrecaner.com\/index.php\/category\/vocal\/choeur\/choeur_mixte\/mixte_a_cappella\/\">a cappella<\/a><\/span><h4 class=\"o-posts-grid-post-title\"><a href=\"https:\/\/www.pierrecaner.com\/index.php\/2014\/when-i-do-count-the-clock\/\">\u201cWhen I do count the clock&#8230;\u201d<\/a><\/h4><div class=\"o-posts-grid-post-description\"><p>Pi\u00e8ce pour choeur mixte a cappella Sur le sonnet XII de William Shakespeare\u00ab When I do count the\u2026<\/p><\/div><\/div><\/div><\/div><div class=\"o-posts-grid-post-blog o-posts-grid-post-plain\" style=\"background-image: url(https:\/\/www.pierrecaner.com\/wp-content\/uploads\/1992\/09\/Hands_of_God_and_Adam-e1759607231538.jpg); background-size: cover; background-position: center center;\"><div class=\"o-posts-grid-post\"><div class=\"o-posts-grid-post-body\"><span class=\"o-posts-grid-post-category\"><a href=\"https:\/\/www.pierrecaner.com\/index.php\/category\/vocal\/choeur\/choeur_mixte\/mixte_a_cappella\/\">a cappella<\/a><\/span><h4 class=\"o-posts-grid-post-title\"><a href=\"https:\/\/www.pierrecaner.com\/index.php\/1992\/mon-dieu-ma-dit\/\">\u201cMon Dieu m&rsquo;a dit&#8230;\u201d<\/a><\/h4><div class=\"o-posts-grid-post-description\"><p>Pi\u00e8ce pour choeur mixte \u00e0 4 voix a cappella Sur un extrait du po\u00e8me \u00ab\u00a0Mon Dieu m&rsquo;a dit : M\u2026<\/p><\/div><\/div><\/div><\/div><div class=\"o-posts-grid-post-blog o-posts-grid-post-plain\" style=\"background-image: url(https:\/\/www.pierrecaner.com\/wp-content\/uploads\/2025\/10\/PIERRE-2025_CCL7163-scaled-e1760976720438.jpg); background-size: cover; background-position: center center;\"><div class=\"o-posts-grid-post\"><div class=\"o-posts-grid-post-body\"><span class=\"o-posts-grid-post-category\"><a href=\"https:\/\/www.pierrecaner.com\/index.php\/category\/vocal\/choeur\/choeur_mixte\/mixte_a_cappella\/\">a cappella<\/a><\/span><h4 class=\"o-posts-grid-post-title\"><a href=\"https:\/\/www.pierrecaner.com\/index.php\/1987\/le-jardin-sous-la-pluie\/\">Le Jardin sous la pluie<\/a><\/h4><div class=\"o-posts-grid-post-description\"><p>pi\u00e8ce pour choeur mixte \u00e0 4 voix a cappella sur un texte de Marie-Jos\u00e9 Caner Cette pi\u00e8ce a re\u00e7u \u2026<\/p><\/div><\/div><\/div><\/div><\/div> <\/div>\n\n\n<div style=\"height:17px\" aria-hidden=\"true\" class=\"wp-block-spacer\"><\/div>\n\n\n\n<div class=\"wp-block-buttons is-content-justification-right is-layout-flex wp-container-core-buttons-is-layout-d445cf74 wp-block-buttons-is-layout-flex\">\n<div class=\"wp-block-button animated bounceIn is-style-fill\"><a class=\"wp-block-button__link has-ti-bg-color has-text-color has-background has-link-color has-small-font-size has-custom-font-size wp-element-button\" href=\"#top\" style=\"border-style:none;border-width:0px;border-radius:30px;background-color:#662002;padding-top:0;padding-right:var(--wp--preset--spacing--20);padding-bottom:0;padding-left:var(--wp--preset--spacing--20)\"><em>Haut de page<\/em><\/a><\/div>\n<\/div>\n\n\n\n<h3 class=\"wp-block-heading has-ti-bg-color has-ti-accent-secondary-background-color has-text-color has-background has-link-color wp-elements-e6181c5bbda67baa38f21e43a975ce1a\" id=\"mixte-avec-accompagnement\" style=\"border-radius:45px;margin-top:var(--wp--preset--spacing--40);margin-right:0;margin-bottom:var(--wp--preset--spacing--40);margin-left:0;padding-top:var(--wp--preset--spacing--30);padding-right:var(--wp--preset--spacing--50);padding-bottom:var(--wp--preset--spacing--30);padding-left:var(--wp--preset--spacing--50)\">Pi\u00e8ces pour choeur mixte accompagn\u00e9<\/h3>\n\n\n<div class=\"is-style-tiled has-light-bg wp-block-themeisle-blocks-posts-grid\" id=\"wp-block-themeisle-blocks-posts-grid-55099268\"><div class=\"is-grid o-posts-grid-columns-3\"><div class=\"o-posts-grid-post-blog o-posts-grid-post-plain\" style=\"background-image: url(https:\/\/www.pierrecaner.com\/wp-content\/uploads\/2025\/09\/L_paulin_portrait.jpg); background-size: cover; background-position: center center;\"><div class=\"o-posts-grid-post\"><div class=\"o-posts-grid-post-body\"><span class=\"o-posts-grid-post-category\"><a href=\"https:\/\/www.pierrecaner.com\/index.php\/category\/vocal\/choeur\/choeur_mixte\/mixte_accomp\/\">avec accompagnement<\/a><\/span><h4 class=\"o-posts-grid-post-title\"><a href=\"https:\/\/www.pierrecaner.com\/index.php\/2022\/la-ville-heureuse\/\">La Ville Heureuse<\/a><\/h4><div class=\"o-posts-grid-post-description\"><p>Pi\u00e8ce pour choeur mixte \u00e0 4 voix et orchestre \u00e0 cordes sur un po\u00e8me de Louisa Paulin (1888-1944)\u2026<\/p><\/div><\/div><\/div><\/div><div class=\"o-posts-grid-post-blog o-posts-grid-post-plain\" style=\"background-image: url(https:\/\/www.pierrecaner.com\/wp-content\/uploads\/2019\/05\/magnificat-M-V2-site.jpg); background-size: cover; background-position: center center;\"><div class=\"o-posts-grid-post\"><div class=\"o-posts-grid-post-body\"><span class=\"o-posts-grid-post-category\"><a href=\"https:\/\/www.pierrecaner.com\/index.php\/category\/vocal\/choeur\/choeur_mixte\/mixte_accomp\/\">avec accompagnement<\/a><\/span><h4 class=\"o-posts-grid-post-title\"><a href=\"https:\/\/www.pierrecaner.com\/index.php\/2019\/magnificat\/\">Magnificat<\/a><\/h4><div class=\"o-posts-grid-post-description\"><p>Pour deux sopranos, choeur d&rsquo;enfants, choeur mixte, orgue et orchestre Pi\u00e8ce nomm\u00e9e pour L\u2026<\/p><\/div><\/div><\/div><\/div><div class=\"o-posts-grid-post-blog o-posts-grid-post-plain\" style=\"background-image: url(https:\/\/www.pierrecaner.com\/wp-content\/uploads\/2006\/07\/La-Vierge-au-Lys-by-William-Bouguereau-1899-e1756133759973.jpg); background-size: cover; background-position: center center;\"><div class=\"o-posts-grid-post\"><div class=\"o-posts-grid-post-body\"><span class=\"o-posts-grid-post-category\"><a href=\"https:\/\/www.pierrecaner.com\/index.php\/category\/vocal\/choeur\/choeur_mixte\/mixte_accomp\/\">avec accompagnement<\/a><\/span><h4 class=\"o-posts-grid-post-title\"><a href=\"https:\/\/www.pierrecaner.com\/index.php\/2006\/missa-virginis\/\">Missa Virginis<\/a><\/h4><div class=\"o-posts-grid-post-description\"><p>Messe pour soprano et baryton solo, choeur mixte, orchestre \u00e0 cordes, orgue, timbales et percuss\u2026<\/p><\/div><\/div><\/div><\/div><div class=\"o-posts-grid-post-blog o-posts-grid-post-plain\"><div class=\"o-posts-grid-post\"><div class=\"o-posts-grid-post-body is-full\"><span class=\"o-posts-grid-post-category\"><a href=\"https:\/\/www.pierrecaner.com\/index.php\/category\/vocal\/choeur\/choeur_mixte\/mixte_accomp\/\">avec accompagnement<\/a><\/span><h4 class=\"o-posts-grid-post-title\"><a href=\"https:\/\/www.pierrecaner.com\/index.php\/2006\/trois-pieces\/\">Trois pi\u00e8ces<\/a><\/h4><div class=\"o-posts-grid-post-description\"><p>Trois pi\u00e8ces pour choeur mixte et orchestre \u00e0 cordes Version pour orchestre \u00e0 cordes des trois p\u2026<\/p><\/div><\/div><\/div><\/div><div class=\"o-posts-grid-post-blog o-posts-grid-post-plain\"><div class=\"o-posts-grid-post\"><div class=\"o-posts-grid-post-body is-full\"><span class=\"o-posts-grid-post-category\"><a href=\"https:\/\/www.pierrecaner.com\/index.php\/category\/vocal\/choeur\/choeur_mixte\/mixte_accomp\/\">avec accompagnement<\/a><\/span><h4 class=\"o-posts-grid-post-title\"><a href=\"https:\/\/www.pierrecaner.com\/index.php\/1992\/chants-de-neige\/\">Chants de Neige<\/a><\/h4><div class=\"o-posts-grid-post-description\"><p>5 pi\u00e8ces pour choeur mixte \u00e0 4 voix et quatuor \u00e0 cordes sur des po\u00e8mes de Marie-Jos\u00e9 Caner et de\u2026<\/p><\/div><\/div><\/div><\/div><div class=\"o-posts-grid-post-blog o-posts-grid-post-plain\" style=\"background-image: url(https:\/\/www.pierrecaner.com\/wp-content\/uploads\/1989\/06\/NUIT_ETOILEE.jpg); background-size: cover; background-position: center center;\"><div class=\"o-posts-grid-post\"><div class=\"o-posts-grid-post-body\"><span class=\"o-posts-grid-post-category\"><a href=\"https:\/\/www.pierrecaner.com\/index.php\/category\/vocal\/choeur\/choeur_mixte\/mixte_accomp\/\">avec accompagnement<\/a><\/span><h4 class=\"o-posts-grid-post-title\"><a href=\"https:\/\/www.pierrecaner.com\/index.php\/1989\/nuit\/\">Nuit<\/a><\/h4><div class=\"o-posts-grid-post-description\"><p>Pi\u00e8ce pour choeur mixte \u00e0 5 voix avec accompagnement piano Sur un po\u00e8me de Jean-Luc Godbert Ann\u00e9\u2026<\/p><\/div><\/div><\/div><\/div><div class=\"o-posts-grid-post-blog o-posts-grid-post-plain\" style=\"background-image: url(https:\/\/www.pierrecaner.com\/wp-content\/uploads\/1988\/06\/saule.jpg); background-size: cover; background-position: center center;\"><div class=\"o-posts-grid-post\"><div class=\"o-posts-grid-post-body\"><span class=\"o-posts-grid-post-category\"><a href=\"https:\/\/www.pierrecaner.com\/index.php\/category\/vocal\/choeur\/choeur_mixte\/mixte_accomp\/\">avec accompagnement<\/a><\/span><h4 class=\"o-posts-grid-post-title\"><a href=\"https:\/\/www.pierrecaner.com\/index.php\/1988\/le-lac-et-le-saule\/\">Le Lac et le Saule<\/a><\/h4><div class=\"o-posts-grid-post-description\"><p>Pi\u00e8ce pour choeur mixte \u00e0 4 voix avec accompagnement de piano sur un po\u00e8me d&rsquo;Isabelle Cane\u2026<\/p><\/div><\/div><\/div><\/div><\/div> <\/div>\n\n\n<div style=\"height:17px\" aria-hidden=\"true\" class=\"wp-block-spacer\"><\/div>\n\n\n\n<div class=\"wp-block-buttons is-content-justification-right is-layout-flex wp-container-core-buttons-is-layout-d445cf74 wp-block-buttons-is-layout-flex\">\n<div class=\"wp-block-button animated bounceIn is-style-fill\"><a class=\"wp-block-button__link has-ti-bg-color has-text-color has-background has-link-color has-small-font-size has-custom-font-size wp-element-button\" href=\"#top\" style=\"border-style:none;border-width:0px;border-radius:30px;background-color:#662002;padding-top:0;padding-right:var(--wp--preset--spacing--20);padding-bottom:0;padding-left:var(--wp--preset--spacing--20)\"><em>Haut de page<\/em><\/a><\/div>\n<\/div>\n<\/div><\/div>\n\n\n\n<div data-title=\"Choeur d'enfants\" class=\"wp-block-themeisle-blocks-tabs-item\"><div class=\"wp-block-themeisle-blocks-tabs-item__header\" tabindex=\"0\">Choeur d&rsquo;enfants<\/div><div class=\"wp-block-themeisle-blocks-tabs-item__content\">\n<div id=\"wp-block-themeisle-blocks-button-group-3b00198a\" class=\"wp-block-themeisle-blocks-button-group wp-block-buttons\">\n<div id=\"wp-block-themeisle-blocks-button-02d37218\" class=\"wp-block-themeisle-blocks-button wp-block-button\"><a href=\"#enfants-avec-accompagnement\" target=\"_self\" rel=\"noopener noreferrer\" class=\"wp-block-button__link\"><span>Avec accompagnement<\/span><\/a><\/div>\n<\/div>\n\n\n\n<h3 class=\"wp-block-heading has-ti-bg-color has-ti-accent-secondary-background-color has-text-color has-background has-link-color wp-elements-67bc2be5a48b269bc2f6121c33337023\" id=\"enfants-avec-accompagnement\" style=\"border-radius:45px;margin-top:var(--wp--preset--spacing--40);margin-right:0;margin-bottom:var(--wp--preset--spacing--40);margin-left:0;padding-top:var(--wp--preset--spacing--30);padding-right:var(--wp--preset--spacing--50);padding-bottom:var(--wp--preset--spacing--30);padding-left:var(--wp--preset--spacing--50)\">Pi\u00e8ces pour choeur d&rsquo;enfants accompagn\u00e9<\/h3>\n\n\n<div class=\"is-style-tiled has-light-bg wp-block-themeisle-blocks-posts-grid\" id=\"wp-block-themeisle-blocks-posts-grid-eede1794\"><div class=\"is-grid o-posts-grid-columns-3\"><div class=\"o-posts-grid-post-blog o-posts-grid-post-plain\" style=\"background-image: url(https:\/\/www.pierrecaner.com\/wp-content\/uploads\/2019\/05\/magnificat-M-V2-site.jpg); background-size: cover; background-position: center center;\"><div class=\"o-posts-grid-post\"><div class=\"o-posts-grid-post-body\"><span class=\"o-posts-grid-post-category\"><a href=\"https:\/\/www.pierrecaner.com\/index.php\/category\/vocal\/choeur\/choeur_mixte\/mixte_accomp\/\">avec accompagnement<\/a><\/span><h4 class=\"o-posts-grid-post-title\"><a href=\"https:\/\/www.pierrecaner.com\/index.php\/2019\/magnificat\/\">Magnificat<\/a><\/h4><div class=\"o-posts-grid-post-description\"><p>Pour deux sopranos, choeur d&rsquo;enfants, choeur mixte, orgue et orchestre Pi\u00e8ce nomm\u00e9e pour L\u2026<\/p><\/div><\/div><\/div><\/div><div class=\"o-posts-grid-post-blog o-posts-grid-post-plain\" style=\"background-image: url(https:\/\/www.pierrecaner.com\/wp-content\/uploads\/2017\/06\/Noire-Montagne-e1752346122411.jpg); background-size: cover; background-position: center center;\"><div class=\"o-posts-grid-post\"><div class=\"o-posts-grid-post-body\"><span class=\"o-posts-grid-post-category\"><a href=\"https:\/\/www.pierrecaner.com\/index.php\/category\/vocal\/choeur\/choeur_enfants\/enfants_avec_orch\/\">avec orchestre<\/a><\/span><h4 class=\"o-posts-grid-post-title\"><a href=\"https:\/\/www.pierrecaner.com\/index.php\/2017\/chemins-de-cocagne\/\">Chemins de Cocagne<\/a><\/h4><div class=\"o-posts-grid-post-description\"><p>Promenade tarnaise pour r\u00e9citant, solistes et choeur d\u2019enfants, piano et orchestre \u00e0 cordes Pi\u00e8c\u2026<\/p><\/div><\/div><\/div><\/div><\/div> <\/div><\/div><\/div>\n\n\n\n<div data-title=\"Choeur de femmes\" class=\"wp-block-themeisle-blocks-tabs-item\"><div class=\"wp-block-themeisle-blocks-tabs-item__header\" tabindex=\"0\">Choeur de femmes<\/div><div class=\"wp-block-themeisle-blocks-tabs-item__content\">\n<div id=\"wp-block-themeisle-blocks-button-group-b9beac33\" class=\"wp-block-themeisle-blocks-button-group wp-block-buttons\">\n<div id=\"wp-block-themeisle-blocks-button-8798866d\" class=\"wp-block-themeisle-blocks-button wp-block-button\"><a href=\"#femmes-avec-accompagnement\" target=\"_self\" rel=\"noopener noreferrer\" class=\"wp-block-button__link\"><span>Avec accompagnement<\/span><\/a><\/div>\n<\/div>\n\n\n\n<h3 class=\"wp-block-heading has-ti-bg-color has-ti-accent-secondary-background-color has-text-color has-background has-link-color wp-elements-78772c4348468c6c5b10c47c36e6e577\" id=\"femmes-avec-accompagnement\" style=\"border-radius:45px;margin-top:var(--wp--preset--spacing--40);margin-right:0;margin-bottom:var(--wp--preset--spacing--40);margin-left:0;padding-top:var(--wp--preset--spacing--30);padding-right:var(--wp--preset--spacing--50);padding-bottom:var(--wp--preset--spacing--30);padding-left:var(--wp--preset--spacing--50)\">Pi\u00e8ces pour choeur de femmes avec piano<\/h3>\n\n\n<div class=\"is-style-tiled has-light-bg wp-block-themeisle-blocks-posts-grid\" id=\"wp-block-themeisle-blocks-posts-grid-b47f6b8e\"><div class=\"is-grid o-posts-grid-columns-3\"><div class=\"o-posts-grid-post-blog o-posts-grid-post-plain\" style=\"background-image: url(https:\/\/www.pierrecaner.com\/wp-content\/uploads\/2016\/06\/Marceline-DESBORDES_VALMORE-e1752337096832.jpg); background-size: cover; background-position: center center;\"><div class=\"o-posts-grid-post\"><div class=\"o-posts-grid-post-body\"><span class=\"o-posts-grid-post-category\"><a href=\"https:\/\/www.pierrecaner.com\/index.php\/category\/vocal\/choeur\/choeur_femmes\/femmes_avec_piano\/\">avec piano<\/a><\/span><h4 class=\"o-posts-grid-post-title\"><a href=\"https:\/\/www.pierrecaner.com\/index.php\/2016\/aveu-dune-femme\/\">Aveu d&rsquo;une Femme<\/a><\/h4><div class=\"o-posts-grid-post-description\"><p>Pi\u00e8ce pour choeur de femmes Compos\u00e9e sur une po\u00e9sie de Marceline Desbordes-Valmore (1786 &#8211;\u2026<\/p><\/div><\/div><\/div><\/div><div class=\"o-posts-grid-post-blog o-posts-grid-post-plain\" style=\"background-image: url(https:\/\/www.pierrecaner.com\/wp-content\/uploads\/2016\/06\/Marceline-DESBORDES_VALMORE-e1752337096832.jpg); background-size: cover; background-position: center center;\"><div class=\"o-posts-grid-post\"><div class=\"o-posts-grid-post-body\"><span class=\"o-posts-grid-post-category\"><a href=\"https:\/\/www.pierrecaner.com\/index.php\/category\/vocal\/choeur\/choeur_femmes\/femmes_avec_piano\/\">avec piano<\/a><\/span><h4 class=\"o-posts-grid-post-title\"><a href=\"https:\/\/www.pierrecaner.com\/index.php\/2014\/dors\/\">Dors !<\/a><\/h4><div class=\"o-posts-grid-post-description\"><p>Pi\u00e8ce pour choeur de femmes Compos\u00e9e sur une po\u00e9sie de Marceline Desbordes-Valmore (1786 &#8211;\u2026<\/p><\/div><\/div><\/div><\/div><\/div> <\/div><\/div><\/div>\n\n\n\n<div data-title=\"Voix solo\" class=\"wp-block-themeisle-blocks-tabs-item\"><div class=\"wp-block-themeisle-blocks-tabs-item__header\" tabindex=\"0\">Voix solo<\/div><div class=\"wp-block-themeisle-blocks-tabs-item__content\">\n<div id=\"wp-block-themeisle-blocks-button-group-874920a0\" class=\"wp-block-themeisle-blocks-button-group wp-block-buttons\">\n<div id=\"wp-block-themeisle-blocks-button-f649d745\" class=\"wp-block-themeisle-blocks-button wp-block-button\"><a href=\"#m\u00e9lodie-soliste\" target=\"_self\" rel=\"noopener noreferrer\" class=\"wp-block-button__link\"><span>M\u00e9lodies pour voix solo<\/span><\/a><\/div>\n\n\n\n<div id=\"wp-block-themeisle-blocks-button-ebb8d0f1\" class=\"wp-block-themeisle-blocks-button wp-block-button\"><a href=\"#avec-soliste\" target=\"_self\" rel=\"noopener noreferrer\" class=\"wp-block-button__link\"><span>Pi\u00e8ces avec soliste<\/span><\/a><\/div>\n<\/div>\n\n\n\n<h3 class=\"wp-block-heading has-ti-bg-color has-ti-accent-secondary-background-color has-text-color has-background has-link-color wp-elements-b12589852062a9a81bff969b69192a7f\" id=\"m\u00e9lodie-soliste\" style=\"border-radius:28px;margin-top:var(--wp--preset--spacing--40);margin-right:0;margin-bottom:var(--wp--preset--spacing--40);margin-left:0;padding-top:var(--wp--preset--spacing--30);padding-right:var(--wp--preset--spacing--50);padding-bottom:var(--wp--preset--spacing--30);padding-left:var(--wp--preset--spacing--50)\">M\u00e9lodies pour voix solo<\/h3>\n\n\n<div class=\"is-style-tiled has-light-bg wp-block-themeisle-blocks-posts-grid\" id=\"wp-block-themeisle-blocks-posts-grid-ed67dfbb\"><div class=\"is-grid o-posts-grid-columns-3\"><div class=\"o-posts-grid-post-blog o-posts-grid-post-plain\" style=\"background-image: url(https:\/\/www.pierrecaner.com\/wp-content\/uploads\/2025\/10\/Feuille-dautomne-e1760976340312.jpg); background-size: cover; background-position: center center;\"><div class=\"o-posts-grid-post\"><div class=\"o-posts-grid-post-body\"><span class=\"o-posts-grid-post-category\"><a href=\"https:\/\/www.pierrecaner.com\/index.php\/category\/vocal\/soliste\/soprano\/soprano_piano\/\">avec piano<\/a><\/span><h4 class=\"o-posts-grid-post-title\"><a href=\"https:\/\/www.pierrecaner.com\/index.php\/2025\/matin-doctobre\/\">Matin d&rsquo;octobre<\/a><\/h4><div class=\"o-posts-grid-post-description\"><p>M\u00e9lodie pour soprano avec piano sur un po\u00e8me de Fran\u00e7ois Copp\u00e9e (1842-1908) Matin d&rsquo;octobr\u2026<\/p><\/div><\/div><\/div><\/div><div class=\"o-posts-grid-post-blog o-posts-grid-post-plain\" style=\"background-image: url(https:\/\/www.pierrecaner.com\/wp-content\/uploads\/2025\/10\/Le-pelican_Gravure-dans-22Buffon-Alphabet-des-Oiseaux-n-122-1-e1760976521772.jpg); background-size: cover; background-position: center center;\"><div class=\"o-posts-grid-post\"><div class=\"o-posts-grid-post-body\"><span class=\"o-posts-grid-post-category\"><a href=\"https:\/\/www.pierrecaner.com\/index.php\/category\/vocal\/soliste\/soprano\/soprano_piano\/\">avec piano<\/a><\/span><h4 class=\"o-posts-grid-post-title\"><a href=\"https:\/\/www.pierrecaner.com\/index.php\/2025\/le-pelican\/\">Le P\u00e9lican<\/a><\/h4><div class=\"o-posts-grid-post-description\"><p>M\u00e9lodie pour soprano avec piano sur un po\u00e8me de Robert Desnos (1900-1945) Le P\u00e9lican Le Capitain\u2026<\/p><\/div><\/div><\/div><\/div><div class=\"o-posts-grid-post-blog o-posts-grid-post-plain\" style=\"background-image: url(https:\/\/www.pierrecaner.com\/wp-content\/uploads\/2021\/09\/Statue_amazone-e1760975838799.jpg); background-size: cover; background-position: center center;\"><div class=\"o-posts-grid-post\"><div class=\"o-posts-grid-post-body\"><span class=\"o-posts-grid-post-category\"><a href=\"https:\/\/www.pierrecaner.com\/index.php\/category\/vocal\/soliste\/soprano\/soprano_piano\/\">avec piano<\/a><\/span><h4 class=\"o-posts-grid-post-title\"><a href=\"https:\/\/www.pierrecaner.com\/index.php\/2021\/lamazone\/\">L&rsquo;Amazone<\/a><\/h4><div class=\"o-posts-grid-post-description\"><p>M\u00e9lodie pour soprano avec piano Sur un po\u00e8me d&rsquo;Oc\u00e9lyane commande de la soprano, Delphine G\u2026<\/p><\/div><\/div><\/div><\/div><div class=\"o-posts-grid-post-blog o-posts-grid-post-plain\" style=\"background-image: url(https:\/\/www.pierrecaner.com\/wp-content\/uploads\/2025\/10\/Yeux-Charles_Le_Brun-1619-1690\u00a9-Musee-du-Louvre-dist.-GrandPalaisRmn-Laurent-Chastel-copie.jpg); background-size: cover; background-position: center center;\"><div class=\"o-posts-grid-post\"><div class=\"o-posts-grid-post-body\"><span class=\"o-posts-grid-post-category\"><a href=\"https:\/\/www.pierrecaner.com\/index.php\/category\/vocal\/soliste\/soprano\/soprano_piano\/\">avec piano<\/a><\/span><h4 class=\"o-posts-grid-post-title\"><a href=\"https:\/\/www.pierrecaner.com\/index.php\/2021\/tes-yeux\/\">Tes Yeux<\/a><\/h4><div class=\"o-posts-grid-post-description\"><p>M\u00e9lodie pour soprano avec piano Sur un po\u00e8me d&rsquo;Oc\u00e9lyane commande de la soprano, Delphine G\u2026<\/p><\/div><\/div><\/div><\/div><div class=\"o-posts-grid-post-blog o-posts-grid-post-plain\"><div class=\"o-posts-grid-post\"><div class=\"o-posts-grid-post-body is-full\"><span class=\"o-posts-grid-post-category\"><a href=\"https:\/\/www.pierrecaner.com\/index.php\/category\/vocal\/soliste\/soprano\/soprano_piano\/\">avec piano<\/a><\/span><h4 class=\"o-posts-grid-post-title\"><a href=\"https:\/\/www.pierrecaner.com\/index.php\/2021\/je-taime\/\">Je t&rsquo;aime<\/a><\/h4><div class=\"o-posts-grid-post-description\"><p>M\u00e9lodie pour soprano avec piano Sur un po\u00e8me d&rsquo;Oc\u00e9lyane commande de la soprano, Delphine G\u2026<\/p><\/div><\/div><\/div><\/div><div class=\"o-posts-grid-post-blog o-posts-grid-post-plain\"><div class=\"o-posts-grid-post\"><div class=\"o-posts-grid-post-body is-full\"><span class=\"o-posts-grid-post-category\"><a href=\"https:\/\/www.pierrecaner.com\/index.php\/category\/vocal\/soliste\/mezzo\/mezzo_piano\/\">avec piano<\/a><\/span><h4 class=\"o-posts-grid-post-title\"><a href=\"https:\/\/www.pierrecaner.com\/index.php\/2017\/alternances\/\">Alternances<\/a><\/h4><div class=\"o-posts-grid-post-description\"><p>M\u00e9lodie pour mezzo-soprano avec piano sur une po\u00e9sie de Marie-Jos\u00e9 Caner d\u00e9di\u00e9e \u00e0 Nadia Yermani,\u2026<\/p><\/div><\/div><\/div><\/div><div class=\"o-posts-grid-post-blog o-posts-grid-post-plain\"><div class=\"o-posts-grid-post\"><div class=\"o-posts-grid-post-body is-full\"><span class=\"o-posts-grid-post-category\"><a href=\"https:\/\/www.pierrecaner.com\/index.php\/category\/vocal\/soliste\/mezzo\/mezzo_piano\/\">avec piano<\/a><\/span><h4 class=\"o-posts-grid-post-title\"><a href=\"https:\/\/www.pierrecaner.com\/index.php\/2017\/contrastes\/\">Contrastes<\/a><\/h4><div class=\"o-posts-grid-post-description\"><p>M\u00e9lodie pour mezzo-soprano avec piano sur une po\u00e9sie de Marie-Jos\u00e9 Caner d\u00e9di\u00e9e \u00e0 Nadia Yermani,\u2026<\/p><\/div><\/div><\/div><\/div><div class=\"o-posts-grid-post-blog o-posts-grid-post-plain\" style=\"background-image: url(https:\/\/www.pierrecaner.com\/wp-content\/uploads\/2025\/10\/Baudelaire.jpg); background-size: cover; background-position: center center;\"><div class=\"o-posts-grid-post\"><div class=\"o-posts-grid-post-body\"><span class=\"o-posts-grid-post-category\"><a href=\"https:\/\/www.pierrecaner.com\/index.php\/category\/vocal\/soliste\/soprano\/soprano_piano\/\">avec piano<\/a><\/span><h4 class=\"o-posts-grid-post-title\"><a href=\"https:\/\/www.pierrecaner.com\/index.php\/2010\/harmonie-du-soir\/\">Harmonie Du Soir<\/a><\/h4><div class=\"o-posts-grid-post-description\"><p>M\u00e9lodie pour soprano avec piano sur un po\u00e8me de Charles Baudelaire (1821-1867) Harmonie du soir \u2026<\/p><\/div><\/div><\/div><\/div><div class=\"o-posts-grid-post-blog o-posts-grid-post-plain\" style=\"background-image: url(https:\/\/www.pierrecaner.com\/wp-content\/uploads\/2025\/10\/Baudelaire.jpg); background-size: cover; background-position: center center;\"><div class=\"o-posts-grid-post\"><div class=\"o-posts-grid-post-body\"><span class=\"o-posts-grid-post-category\"><a href=\"https:\/\/www.pierrecaner.com\/index.php\/category\/vocal\/soliste\/soprano\/soprano_piano\/\">avec piano<\/a><\/span><h4 class=\"o-posts-grid-post-title\"><a href=\"https:\/\/www.pierrecaner.com\/index.php\/2010\/de-profundis-clamavi\/\">De Profundis Clamavi<\/a><\/h4><div class=\"o-posts-grid-post-description\"><p>M\u00e9lodie pour soprano avec piano sur un po\u00e8me de Charles Baudelaire (1821-1867) De profundis clam\u2026<\/p><\/div><\/div><\/div><\/div><div class=\"o-posts-grid-post-blog o-posts-grid-post-plain\" style=\"background-image: url(https:\/\/www.pierrecaner.com\/wp-content\/uploads\/2025\/10\/Baudelaire.jpg); background-size: cover; background-position: center center;\"><div class=\"o-posts-grid-post\"><div class=\"o-posts-grid-post-body\"><span class=\"o-posts-grid-post-category\"><a href=\"https:\/\/www.pierrecaner.com\/index.php\/category\/vocal\/soliste\/soprano\/soprano_piano\/\">avec piano<\/a><\/span><h4 class=\"o-posts-grid-post-title\"><a href=\"https:\/\/www.pierrecaner.com\/index.php\/2010\/tristesse-de-la-lune\/\">Tristesses De La Lune<\/a><\/h4><div class=\"o-posts-grid-post-description\"><p>M\u00e9lodie pour soprano avec piano sur un po\u00e8me de Charles Baudelaire (1821-1867) Tristesses de la \u2026<\/p><\/div><\/div><\/div><\/div><div class=\"o-posts-grid-post-blog o-posts-grid-post-plain\" style=\"background-image: url(https:\/\/www.pierrecaner.com\/wp-content\/uploads\/2025\/10\/Baudelaire.jpg); background-size: cover; background-position: center center;\"><div class=\"o-posts-grid-post\"><div class=\"o-posts-grid-post-body\"><span class=\"o-posts-grid-post-category\"><a href=\"https:\/\/www.pierrecaner.com\/index.php\/category\/vocal\/soliste\/soprano\/soprano_piano\/\">avec piano<\/a><\/span><h4 class=\"o-posts-grid-post-title\"><a href=\"https:\/\/www.pierrecaner.com\/index.php\/2010\/a-une-dame-creole\/\">A Une Dame Cr\u00e9ole<\/a><\/h4><div class=\"o-posts-grid-post-description\"><p>M\u00e9lodie pour soprano avec piano sur un po\u00e8me de Charles Baudelaire (1821-1867) A une dame cr\u00e9ole\u2026<\/p><\/div><\/div><\/div><\/div><div class=\"o-posts-grid-post-blog o-posts-grid-post-plain\" style=\"background-image: url(https:\/\/www.pierrecaner.com\/wp-content\/uploads\/1993\/07\/Coucher-de-soleil.jpg); background-size: cover; background-position: center center;\"><div class=\"o-posts-grid-post\"><div class=\"o-posts-grid-post-body\"><span class=\"o-posts-grid-post-category\"><a href=\"https:\/\/www.pierrecaner.com\/index.php\/category\/vocal\/soliste\/soprano\/soprano_piano\/\">avec piano<\/a><\/span><h4 class=\"o-posts-grid-post-title\"><a href=\"https:\/\/www.pierrecaner.com\/index.php\/1993\/soleils-couchants\/\">Soleils Couchants<\/a><\/h4><div class=\"o-posts-grid-post-description\"><p>M\u00e9lodie pour soprano avec piano sur une po\u00e9sie de Paul Verlaine Soleils couchants Une aube affai\u2026<\/p><\/div><\/div><\/div><\/div><\/div> <\/div>\n\n\n<div style=\"height:17px\" aria-hidden=\"true\" class=\"wp-block-spacer\"><\/div>\n\n\n\n<div class=\"wp-block-buttons is-content-justification-right is-layout-flex wp-container-core-buttons-is-layout-d445cf74 wp-block-buttons-is-layout-flex\">\n<div class=\"wp-block-button animated bounceIn is-style-fill\"><a class=\"wp-block-button__link has-ti-bg-color has-text-color has-background has-link-color has-small-font-size has-custom-font-size wp-element-button\" href=\"#top\" style=\"border-style:none;border-width:0px;border-radius:30px;background-color:#662002;padding-top:0;padding-right:var(--wp--preset--spacing--20);padding-bottom:0;padding-left:var(--wp--preset--spacing--20)\"><em>Haut de page<\/em><\/a><\/div>\n<\/div>\n\n\n\n<h3 class=\"wp-block-heading has-ti-bg-color has-ti-accent-secondary-background-color has-text-color has-background has-link-color wp-elements-f3eac3b3777151da9fea4a76574b0e18\" id=\"avec-soliste\" style=\"border-radius:45px;margin-top:var(--wp--preset--spacing--40);margin-right:0;margin-bottom:var(--wp--preset--spacing--40);margin-left:0;padding-top:var(--wp--preset--spacing--30);padding-right:var(--wp--preset--spacing--50);padding-bottom:var(--wp--preset--spacing--30);padding-left:var(--wp--preset--spacing--50)\">Pi\u00e8ces avec soliste<\/h3>\n\n\n<div class=\"is-style-tiled has-light-bg wp-block-themeisle-blocks-posts-grid\" id=\"wp-block-themeisle-blocks-posts-grid-70fb923a\"><div class=\"is-grid o-posts-grid-columns-3\"><div class=\"o-posts-grid-post-blog o-posts-grid-post-plain\" style=\"background-image: url(https:\/\/www.pierrecaner.com\/wp-content\/uploads\/2019\/05\/magnificat-M-V2-site.jpg); background-size: cover; background-position: center center;\"><div class=\"o-posts-grid-post\"><div class=\"o-posts-grid-post-body\"><span class=\"o-posts-grid-post-category\"><a href=\"https:\/\/www.pierrecaner.com\/index.php\/category\/vocal\/choeur\/choeur_mixte\/mixte_accomp\/\">avec accompagnement<\/a><\/span><h4 class=\"o-posts-grid-post-title\"><a href=\"https:\/\/www.pierrecaner.com\/index.php\/2019\/magnificat\/\">Magnificat<\/a><\/h4><div class=\"o-posts-grid-post-description\"><p>Pour deux sopranos, choeur d&rsquo;enfants, choeur mixte, orgue et orchestre Pi\u00e8ce nomm\u00e9e pour L\u2026<\/p><\/div><\/div><\/div><\/div><div class=\"o-posts-grid-post-blog o-posts-grid-post-plain\" style=\"background-image: url(https:\/\/www.pierrecaner.com\/wp-content\/uploads\/2017\/06\/Noire-Montagne-e1752346122411.jpg); background-size: cover; background-position: center center;\"><div class=\"o-posts-grid-post\"><div class=\"o-posts-grid-post-body\"><span class=\"o-posts-grid-post-category\"><a href=\"https:\/\/www.pierrecaner.com\/index.php\/category\/vocal\/choeur\/choeur_enfants\/enfants_avec_orch\/\">avec orchestre<\/a><\/span><h4 class=\"o-posts-grid-post-title\"><a href=\"https:\/\/www.pierrecaner.com\/index.php\/2017\/chemins-de-cocagne\/\">Chemins de Cocagne<\/a><\/h4><div class=\"o-posts-grid-post-description\"><p>Promenade tarnaise pour r\u00e9citant, solistes et choeur d\u2019enfants, piano et orchestre \u00e0 cordes Pi\u00e8c\u2026<\/p><\/div><\/div><\/div><\/div><div class=\"o-posts-grid-post-blog o-posts-grid-post-plain\"><div class=\"o-posts-grid-post\"><div class=\"o-posts-grid-post-body is-full\"><span class=\"o-posts-grid-post-category\"><a href=\"https:\/\/www.pierrecaner.com\/index.php\/category\/vocal\/soliste\/avec_soliste\/\">avec soliste<\/a><\/span><h4 class=\"o-posts-grid-post-title\"><a href=\"https:\/\/www.pierrecaner.com\/index.php\/2012\/prisme\/\">Prisme<\/a><\/h4><div class=\"o-posts-grid-post-description\"><p>Concerto pour violoncelle, soprano et orchestre Pi\u00e8ce en cinq mouvements d\u00e9di\u00e9e \u00e0 Lowri Blake, v\u2026<\/p><\/div><\/div><\/div><\/div><div class=\"o-posts-grid-post-blog o-posts-grid-post-plain\" style=\"background-image: url(https:\/\/www.pierrecaner.com\/wp-content\/uploads\/2025\/10\/Sub_tuam_fragment.png); background-size: cover; background-position: center center;\"><div class=\"o-posts-grid-post\"><div class=\"o-posts-grid-post-body\"><span class=\"o-posts-grid-post-category\"><a href=\"https:\/\/www.pierrecaner.com\/index.php\/category\/vocal\/soliste\/soprano\/soprano_orgue\/\">avec orgue<\/a><\/span><h4 class=\"o-posts-grid-post-title\"><a href=\"https:\/\/www.pierrecaner.com\/index.php\/2012\/sub-tuam-misericordia\/\">Sub Tuam Misericordia<\/a><\/h4><div class=\"o-posts-grid-post-description\"><p>Pi\u00e8ce pour soprano et orgue d\u00e9di\u00e9e \u00e0 Isabelle Fabre, soprano, et \u00e0 Pierre Jean Schoen, titulaire\u2026<\/p><\/div><\/div><\/div><\/div><div class=\"o-posts-grid-post-blog o-posts-grid-post-plain\"><div class=\"o-posts-grid-post\"><div class=\"o-posts-grid-post-body is-full\"><span class=\"o-posts-grid-post-category\"><a href=\"https:\/\/www.pierrecaner.com\/index.php\/category\/vocal\/soliste\/avec_soliste\/\">avec soliste<\/a><\/span><h4 class=\"o-posts-grid-post-title\"><a href=\"https:\/\/www.pierrecaner.com\/index.php\/2006\/ave-maria-ii\/\">Ave Maria II<\/a><\/h4><div class=\"o-posts-grid-post-description\"><p>Pi\u00e8ce pour soprano solo, harpe et orchestre \u00e0 cordes existe un arrangement avec accompagnement p\u2026<\/p><\/div><\/div><\/div><\/div><div class=\"o-posts-grid-post-blog o-posts-grid-post-plain\" style=\"background-image: url(https:\/\/www.pierrecaner.com\/wp-content\/uploads\/2006\/07\/La-Vierge-au-Lys-by-William-Bouguereau-1899-e1756133759973.jpg); background-size: cover; background-position: center center;\"><div class=\"o-posts-grid-post\"><div class=\"o-posts-grid-post-body\"><span class=\"o-posts-grid-post-category\"><a href=\"https:\/\/www.pierrecaner.com\/index.php\/category\/vocal\/choeur\/choeur_mixte\/mixte_accomp\/\">avec accompagnement<\/a><\/span><h4 class=\"o-posts-grid-post-title\"><a href=\"https:\/\/www.pierrecaner.com\/index.php\/2006\/missa-virginis\/\">Missa Virginis<\/a><\/h4><div class=\"o-posts-grid-post-description\"><p>Messe pour soprano et baryton solo, choeur mixte, orchestre \u00e0 cordes, orgue, timbales et percuss\u2026<\/p><\/div><\/div><\/div><\/div><\/div> <\/div>\n\n\n<div style=\"height:17px\" aria-hidden=\"true\" class=\"wp-block-spacer\"><\/div>\n\n\n\n<div class=\"wp-block-buttons is-content-justification-right is-layout-flex wp-container-core-buttons-is-layout-d445cf74 wp-block-buttons-is-layout-flex\">\n<div class=\"wp-block-button animated bounceIn is-style-fill\"><a class=\"wp-block-button__link has-ti-bg-color has-text-color has-background has-link-color has-small-font-size has-custom-font-size wp-element-button\" href=\"#top\" style=\"border-style:none;border-width:0px;border-radius:30px;background-color:#662002;padding-top:0;padding-right:var(--wp--preset--spacing--20);padding-bottom:0;padding-left:var(--wp--preset--spacing--20)\"><em>Haut de page<\/em><\/a><\/div>\n<\/div>\n<\/div><\/div>\n<\/div><\/div>\n<\/div>\n","protected":false},"excerpt":{"rendered":"<p>Retrouvez ci-dessous l&rsquo;ensemble du catalogue de musique vocale<\/p>\n","protected":false},"author":1,"featured_media":0,"parent":0,"menu_order":0,"comment_status":"closed","ping_status":"closed","template":"","meta":{"_themeisle_gutenberg_block_has_review":false,"footnotes":""},"class_list":["post-911","page","type-page","status-publish","hentry"],"_links":{"self":[{"href":"https:\/\/www.pierrecaner.com\/index.php\/wp-json\/wp\/v2\/pages\/911","targetHints":{"allow":["GET"]}}],"collection":[{"href":"https:\/\/www.pierrecaner.com\/index.php\/wp-json\/wp\/v2\/pages"}],"about":[{"href":"https:\/\/www.pierrecaner.com\/index.php\/wp-json\/wp\/v2\/types\/page"}],"author":[{"embeddable":true,"href":"https:\/\/www.pierrecaner.com\/index.php\/wp-json\/wp\/v2\/users\/1"}],"replies":[{"embeddable":true,"href":"https:\/\/www.pierrecaner.com\/index.php\/wp-json\/wp\/v2\/comments?post=911"}],"version-history":[{"count":41,"href":"https:\/\/www.pierrecaner.com\/index.php\/wp-json\/wp\/v2\/pages\/911\/revisions"}],"predecessor-version":[{"id":1524,"href":"https:\/\/www.pierrecaner.com\/index.php\/wp-json\/wp\/v2\/pages\/911\/revisions\/1524"}],"wp:attachment":[{"href":"https:\/\/www.pierrecaner.com\/index.php\/wp-json\/wp\/v2\/media?parent=911"}],"curies":[{"name":"wp","href":"https:\/\/api.w.org\/{rel}","templated":true}]}}