{"id":1573,"date":"2025-10-19T12:28:38","date_gmt":"2025-10-19T10:28:38","guid":{"rendered":"https:\/\/www.pierrecaner.com\/?page_id=1573"},"modified":"2025-10-21T11:25:03","modified_gmt":"2025-10-21T09:25:03","slug":"galerie","status":"publish","type":"page","link":"https:\/\/www.pierrecaner.com\/index.php\/galerie\/","title":{"rendered":"Galerie"},"content":{"rendered":"\n<div id=\"wp-block-themeisle-blocks-button-group-6766e7cb\" class=\"wp-block-themeisle-blocks-button-group wp-block-buttons align-center-desktop\">\n<div id=\"wp-block-themeisle-blocks-button-7d10f0fa\" class=\"wp-block-themeisle-blocks-button wp-block-button\"><a href=\"#Photos\" target=\"_self\" rel=\"noopener noreferrer\" class=\"wp-block-button__link\"><i class=\"fas fa-fw fa-photo-video margin-right\"><\/i><span>Photos<\/span><\/a><\/div>\n\n\n\n<div id=\"wp-block-themeisle-blocks-button-5ca09d2a\" class=\"wp-block-themeisle-blocks-button wp-block-button\"><a href=\"#Videos\" target=\"_self\" rel=\"noopener noreferrer\" class=\"wp-block-button__link\"><i class=\"fas fa-fw fa-video margin-right\"><\/i><span>Videos<\/span><\/a><\/div>\n<\/div>\n\n\n\n<div style=\"height:12px\" aria-hidden=\"true\" class=\"wp-block-spacer\"><\/div>\n\n\n\n<div class=\"wp-block-group is-layout-constrained wp-block-group-is-layout-constrained\">\n<div class=\"wp-block-cover aligncenter has-custom-content-position is-position-top-right wp-embed-aspect-16-9 wp-has-aspect-ratio\" style=\"min-height:195px;aspect-ratio:unset;\" id=\"Photos\"><img loading=\"lazy\" decoding=\"async\" width=\"1024\" height=\"785\" class=\"wp-block-cover__image-background wp-image-605 size-large\" alt=\"\" src=\"https:\/\/www.pierrecaner.com\/wp-content\/uploads\/2025\/07\/EOT_3-violons-1024x785.jpg\" data-object-fit=\"cover\" srcset=\"https:\/\/www.pierrecaner.com\/wp-content\/uploads\/2025\/07\/EOT_3-violons-1024x785.jpg 1024w, https:\/\/www.pierrecaner.com\/wp-content\/uploads\/2025\/07\/EOT_3-violons-300x230.jpg 300w, https:\/\/www.pierrecaner.com\/wp-content\/uploads\/2025\/07\/EOT_3-violons-768x588.jpg 768w, https:\/\/www.pierrecaner.com\/wp-content\/uploads\/2025\/07\/EOT_3-violons-1536x1177.jpg 1536w, https:\/\/www.pierrecaner.com\/wp-content\/uploads\/2025\/07\/EOT_3-violons.jpg 1694w\" sizes=\"auto, (max-width: 1024px) 100vw, 1024px\" \/><span aria-hidden=\"true\" class=\"wp-block-cover__background has-background-dim\" style=\"background-color:#865b43\"><\/span><div class=\"wp-block-cover__inner-container is-layout-constrained wp-block-cover-is-layout-constrained\">\n<h3 class=\"wp-block-heading alignwide has-text-align-right has-huge-font-size\">Photos<\/h3>\n<\/div><\/div>\n\n\n\n<div class=\"wp-block-columns is-layout-flex wp-container-core-columns-is-layout-28f84493 wp-block-columns-is-layout-flex\">\n<div class=\"wp-block-column is-layout-flow wp-block-column-is-layout-flow\">\n<figure class=\"wp-block-image size-large\"><img loading=\"lazy\" decoding=\"async\" width=\"681\" height=\"1024\" src=\"https:\/\/www.pierrecaner.com\/wp-content\/uploads\/2025\/10\/PIERRE-2025_CCL7258-681x1024.jpg\" alt=\"\" class=\"wp-image-1566\" srcset=\"https:\/\/www.pierrecaner.com\/wp-content\/uploads\/2025\/10\/PIERRE-2025_CCL7258-681x1024.jpg 681w, https:\/\/www.pierrecaner.com\/wp-content\/uploads\/2025\/10\/PIERRE-2025_CCL7258-200x300.jpg 200w, https:\/\/www.pierrecaner.com\/wp-content\/uploads\/2025\/10\/PIERRE-2025_CCL7258-768x1154.jpg 768w, https:\/\/www.pierrecaner.com\/wp-content\/uploads\/2025\/10\/PIERRE-2025_CCL7258-1022x1536.jpg 1022w, https:\/\/www.pierrecaner.com\/wp-content\/uploads\/2025\/10\/PIERRE-2025_CCL7258-1363x2048.jpg 1363w, https:\/\/www.pierrecaner.com\/wp-content\/uploads\/2025\/10\/PIERRE-2025_CCL7258-scaled.jpg 1703w\" sizes=\"auto, (max-width: 681px) 100vw, 681px\" \/><\/figure>\n\n\n\n<figure data-wp-context=\"{&quot;imageId&quot;:&quot;69f2f688023ac&quot;}\" data-wp-interactive=\"core\/image\" data-wp-key=\"69f2f688023ac\" class=\"wp-block-image size-large wp-lightbox-container\"><img loading=\"lazy\" decoding=\"async\" width=\"681\" height=\"1024\" data-wp-class--hide=\"state.isContentHidden\" data-wp-class--show=\"state.isContentVisible\" data-wp-init=\"callbacks.setButtonStyles\" data-wp-on--click=\"actions.showLightbox\" data-wp-on--load=\"callbacks.setButtonStyles\" data-wp-on-window--resize=\"callbacks.setButtonStyles\" src=\"https:\/\/www.pierrecaner.com\/wp-content\/uploads\/2025\/10\/PIERRE-2025_CCL7497-v2-681x1024.jpg\" alt=\"\" class=\"wp-image-1284\" srcset=\"https:\/\/www.pierrecaner.com\/wp-content\/uploads\/2025\/10\/PIERRE-2025_CCL7497-v2-681x1024.jpg 681w, https:\/\/www.pierrecaner.com\/wp-content\/uploads\/2025\/10\/PIERRE-2025_CCL7497-v2-200x300.jpg 200w, https:\/\/www.pierrecaner.com\/wp-content\/uploads\/2025\/10\/PIERRE-2025_CCL7497-v2-768x1154.jpg 768w, https:\/\/www.pierrecaner.com\/wp-content\/uploads\/2025\/10\/PIERRE-2025_CCL7497-v2-1022x1536.jpg 1022w, https:\/\/www.pierrecaner.com\/wp-content\/uploads\/2025\/10\/PIERRE-2025_CCL7497-v2-1363x2048.jpg 1363w, https:\/\/www.pierrecaner.com\/wp-content\/uploads\/2025\/10\/PIERRE-2025_CCL7497-v2-scaled.jpg 1703w\" sizes=\"auto, (max-width: 681px) 100vw, 681px\" \/><button\n\t\t\tclass=\"lightbox-trigger\"\n\t\t\ttype=\"button\"\n\t\t\taria-haspopup=\"dialog\"\n\t\t\taria-label=\"Agrandir\"\n\t\t\tdata-wp-init=\"callbacks.initTriggerButton\"\n\t\t\tdata-wp-on--click=\"actions.showLightbox\"\n\t\t\tdata-wp-style--right=\"state.imageButtonRight\"\n\t\t\tdata-wp-style--top=\"state.imageButtonTop\"\n\t\t>\n\t\t\t<svg xmlns=\"http:\/\/www.w3.org\/2000\/svg\" width=\"12\" height=\"12\" fill=\"none\" viewBox=\"0 0 12 12\">\n\t\t\t\t<path fill=\"#fff\" d=\"M2 0a2 2 0 0 0-2 2v2h1.5V2a.5.5 0 0 1 .5-.5h2V0H2Zm2 10.5H2a.5.5 0 0 1-.5-.5V8H0v2a2 2 0 0 0 2 2h2v-1.5ZM8 12v-1.5h2a.5.5 0 0 0 .5-.5V8H12v2a2 2 0 0 1-2 2H8Zm2-12a2 2 0 0 1 2 2v2h-1.5V2a.5.5 0 0 0-.5-.5H8V0h2Z\" \/>\n\t\t\t<\/svg>\n\t\t<\/button><\/figure>\n\n\n\n<figure data-wp-context=\"{&quot;imageId&quot;:&quot;69f2f68802860&quot;}\" data-wp-interactive=\"core\/image\" data-wp-key=\"69f2f68802860\" class=\"wp-block-image size-full wp-lightbox-container\"><img decoding=\"async\" data-wp-class--hide=\"state.isContentHidden\" data-wp-class--show=\"state.isContentVisible\" data-wp-init=\"callbacks.setButtonStyles\" data-wp-on--click=\"actions.showLightbox\" data-wp-on--load=\"callbacks.setButtonStyles\" data-wp-on-window--resize=\"callbacks.setButtonStyles\" src=\"https:\/\/www.pierrecaner.com\/wp-content\/uploads\/2025\/10\/PIERRE-2025_CCL7477-v2.jpg\" alt=\"\" class=\"wp-image-1286\"\/><button\n\t\t\tclass=\"lightbox-trigger\"\n\t\t\ttype=\"button\"\n\t\t\taria-haspopup=\"dialog\"\n\t\t\taria-label=\"Agrandir\"\n\t\t\tdata-wp-init=\"callbacks.initTriggerButton\"\n\t\t\tdata-wp-on--click=\"actions.showLightbox\"\n\t\t\tdata-wp-style--right=\"state.imageButtonRight\"\n\t\t\tdata-wp-style--top=\"state.imageButtonTop\"\n\t\t>\n\t\t\t<svg xmlns=\"http:\/\/www.w3.org\/2000\/svg\" width=\"12\" height=\"12\" fill=\"none\" viewBox=\"0 0 12 12\">\n\t\t\t\t<path fill=\"#fff\" d=\"M2 0a2 2 0 0 0-2 2v2h1.5V2a.5.5 0 0 1 .5-.5h2V0H2Zm2 10.5H2a.5.5 0 0 1-.5-.5V8H0v2a2 2 0 0 0 2 2h2v-1.5ZM8 12v-1.5h2a.5.5 0 0 0 .5-.5V8H12v2a2 2 0 0 1-2 2H8Zm2-12a2 2 0 0 1 2 2v2h-1.5V2a.5.5 0 0 0-.5-.5H8V0h2Z\" \/>\n\t\t\t<\/svg>\n\t\t<\/button><\/figure>\n<\/div>\n\n\n\n<div class=\"wp-block-column is-layout-flow wp-block-column-is-layout-flow\">\n<div style=\"height:65px\" aria-hidden=\"true\" class=\"wp-block-spacer\"><\/div>\n\n\n\n<p class=\"has-small-font-size\"><em>\u00a9 photos by <a href=\"https:\/\/www.instagram.com\/by_ccil?utm_source=qr&amp;igsh=ZDcxZmZ4d2Vydmhv\" target=\"_blank\" rel=\"noreferrer noopener\">Ccil<\/a><\/em><\/p>\n\n\n\n<figure class=\"wp-block-image size-large\"><img loading=\"lazy\" decoding=\"async\" width=\"681\" height=\"1024\" src=\"https:\/\/www.pierrecaner.com\/wp-content\/uploads\/2025\/10\/PIERRE-2025_CCL7434-681x1024.jpg\" alt=\"\" class=\"wp-image-1565\" srcset=\"https:\/\/www.pierrecaner.com\/wp-content\/uploads\/2025\/10\/PIERRE-2025_CCL7434-681x1024.jpg 681w, https:\/\/www.pierrecaner.com\/wp-content\/uploads\/2025\/10\/PIERRE-2025_CCL7434-200x300.jpg 200w, https:\/\/www.pierrecaner.com\/wp-content\/uploads\/2025\/10\/PIERRE-2025_CCL7434-768x1154.jpg 768w, https:\/\/www.pierrecaner.com\/wp-content\/uploads\/2025\/10\/PIERRE-2025_CCL7434-1022x1536.jpg 1022w, https:\/\/www.pierrecaner.com\/wp-content\/uploads\/2025\/10\/PIERRE-2025_CCL7434-1363x2048.jpg 1363w, https:\/\/www.pierrecaner.com\/wp-content\/uploads\/2025\/10\/PIERRE-2025_CCL7434-scaled.jpg 1703w\" sizes=\"auto, (max-width: 681px) 100vw, 681px\" \/><\/figure>\n\n\n\n<figure data-wp-context=\"{&quot;imageId&quot;:&quot;69f2f68802eef&quot;}\" data-wp-interactive=\"core\/image\" data-wp-key=\"69f2f68802eef\" class=\"wp-block-image size-large wp-lightbox-container\"><img loading=\"lazy\" decoding=\"async\" width=\"1024\" height=\"681\" data-wp-class--hide=\"state.isContentHidden\" data-wp-class--show=\"state.isContentVisible\" data-wp-init=\"callbacks.setButtonStyles\" data-wp-on--click=\"actions.showLightbox\" data-wp-on--load=\"callbacks.setButtonStyles\" data-wp-on-window--resize=\"callbacks.setButtonStyles\" src=\"https:\/\/www.pierrecaner.com\/wp-content\/uploads\/2025\/10\/PIERRE-2025_CCL7469-v2-1024x681.jpg\" alt=\"\" class=\"wp-image-1279\" srcset=\"https:\/\/www.pierrecaner.com\/wp-content\/uploads\/2025\/10\/PIERRE-2025_CCL7469-v2-1024x681.jpg 1024w, https:\/\/www.pierrecaner.com\/wp-content\/uploads\/2025\/10\/PIERRE-2025_CCL7469-v2-300x200.jpg 300w, https:\/\/www.pierrecaner.com\/wp-content\/uploads\/2025\/10\/PIERRE-2025_CCL7469-v2-768x511.jpg 768w, https:\/\/www.pierrecaner.com\/wp-content\/uploads\/2025\/10\/PIERRE-2025_CCL7469-v2-1536x1022.jpg 1536w, https:\/\/www.pierrecaner.com\/wp-content\/uploads\/2025\/10\/PIERRE-2025_CCL7469-v2-2048x1363.jpg 2048w\" sizes=\"auto, (max-width: 1024px) 100vw, 1024px\" \/><button\n\t\t\tclass=\"lightbox-trigger\"\n\t\t\ttype=\"button\"\n\t\t\taria-haspopup=\"dialog\"\n\t\t\taria-label=\"Agrandir\"\n\t\t\tdata-wp-init=\"callbacks.initTriggerButton\"\n\t\t\tdata-wp-on--click=\"actions.showLightbox\"\n\t\t\tdata-wp-style--right=\"state.imageButtonRight\"\n\t\t\tdata-wp-style--top=\"state.imageButtonTop\"\n\t\t>\n\t\t\t<svg xmlns=\"http:\/\/www.w3.org\/2000\/svg\" width=\"12\" height=\"12\" fill=\"none\" viewBox=\"0 0 12 12\">\n\t\t\t\t<path fill=\"#fff\" d=\"M2 0a2 2 0 0 0-2 2v2h1.5V2a.5.5 0 0 1 .5-.5h2V0H2Zm2 10.5H2a.5.5 0 0 1-.5-.5V8H0v2a2 2 0 0 0 2 2h2v-1.5ZM8 12v-1.5h2a.5.5 0 0 0 .5-.5V8H12v2a2 2 0 0 1-2 2H8Zm2-12a2 2 0 0 1 2 2v2h-1.5V2a.5.5 0 0 0-.5-.5H8V0h2Z\" \/>\n\t\t\t<\/svg>\n\t\t<\/button><\/figure>\n\n\n\n<figure data-wp-context=\"{&quot;imageId&quot;:&quot;69f2f688033d7&quot;}\" data-wp-interactive=\"core\/image\" data-wp-key=\"69f2f688033d7\" class=\"wp-block-image size-large wp-lightbox-container\"><img loading=\"lazy\" decoding=\"async\" width=\"681\" height=\"1024\" data-wp-class--hide=\"state.isContentHidden\" data-wp-class--show=\"state.isContentVisible\" data-wp-init=\"callbacks.setButtonStyles\" data-wp-on--click=\"actions.showLightbox\" data-wp-on--load=\"callbacks.setButtonStyles\" data-wp-on-window--resize=\"callbacks.setButtonStyles\" src=\"https:\/\/www.pierrecaner.com\/wp-content\/uploads\/2025\/10\/PIERRE-2025_CCL7319-v2-681x1024.jpg\" alt=\"\" class=\"wp-image-1260\" srcset=\"https:\/\/www.pierrecaner.com\/wp-content\/uploads\/2025\/10\/PIERRE-2025_CCL7319-v2-681x1024.jpg 681w, https:\/\/www.pierrecaner.com\/wp-content\/uploads\/2025\/10\/PIERRE-2025_CCL7319-v2-200x300.jpg 200w, https:\/\/www.pierrecaner.com\/wp-content\/uploads\/2025\/10\/PIERRE-2025_CCL7319-v2-768x1154.jpg 768w, https:\/\/www.pierrecaner.com\/wp-content\/uploads\/2025\/10\/PIERRE-2025_CCL7319-v2-1022x1536.jpg 1022w, https:\/\/www.pierrecaner.com\/wp-content\/uploads\/2025\/10\/PIERRE-2025_CCL7319-v2-1363x2048.jpg 1363w, https:\/\/www.pierrecaner.com\/wp-content\/uploads\/2025\/10\/PIERRE-2025_CCL7319-v2-scaled.jpg 1703w\" sizes=\"auto, (max-width: 681px) 100vw, 681px\" \/><button\n\t\t\tclass=\"lightbox-trigger\"\n\t\t\ttype=\"button\"\n\t\t\taria-haspopup=\"dialog\"\n\t\t\taria-label=\"Agrandir\"\n\t\t\tdata-wp-init=\"callbacks.initTriggerButton\"\n\t\t\tdata-wp-on--click=\"actions.showLightbox\"\n\t\t\tdata-wp-style--right=\"state.imageButtonRight\"\n\t\t\tdata-wp-style--top=\"state.imageButtonTop\"\n\t\t>\n\t\t\t<svg xmlns=\"http:\/\/www.w3.org\/2000\/svg\" width=\"12\" height=\"12\" fill=\"none\" viewBox=\"0 0 12 12\">\n\t\t\t\t<path fill=\"#fff\" d=\"M2 0a2 2 0 0 0-2 2v2h1.5V2a.5.5 0 0 1 .5-.5h2V0H2Zm2 10.5H2a.5.5 0 0 1-.5-.5V8H0v2a2 2 0 0 0 2 2h2v-1.5ZM8 12v-1.5h2a.5.5 0 0 0 .5-.5V8H12v2a2 2 0 0 1-2 2H8Zm2-12a2 2 0 0 1 2 2v2h-1.5V2a.5.5 0 0 0-.5-.5H8V0h2Z\" \/>\n\t\t\t<\/svg>\n\t\t<\/button><\/figure>\n\n\n\n<p class=\"has-small-font-size\" style=\"margin-top:var(--wp--preset--spacing--20);margin-bottom:var(--wp--preset--spacing--20);padding-top:0;padding-bottom:0\"><em>\u00a9 photos by <a href=\"https:\/\/www.instagram.com\/by_ccil?utm_source=qr&amp;igsh=ZDcxZmZ4d2Vydmhv\" target=\"_blank\" rel=\"noreferrer noopener\">Ccil<\/a><\/em><\/p>\n<\/div>\n<\/div>\n\n\n\n<hr class=\"wp-block-separator has-alpha-channel-opacity\"\/>\n\n\n\n<div class=\"wp-block-columns is-layout-flex wp-container-core-columns-is-layout-28f84493 wp-block-columns-is-layout-flex\">\n<div class=\"wp-block-column is-layout-flow wp-block-column-is-layout-flow\">\n<figure data-wp-context=\"{&quot;imageId&quot;:&quot;69f2f68803b8b&quot;}\" data-wp-interactive=\"core\/image\" data-wp-key=\"69f2f68803b8b\" class=\"wp-block-image size-large wp-lightbox-container\"><img loading=\"lazy\" decoding=\"async\" width=\"1024\" height=\"768\" data-wp-class--hide=\"state.isContentHidden\" data-wp-class--show=\"state.isContentVisible\" data-wp-init=\"callbacks.setButtonStyles\" data-wp-on--click=\"actions.showLightbox\" data-wp-on--load=\"callbacks.setButtonStyles\" data-wp-on-window--resize=\"callbacks.setButtonStyles\" src=\"https:\/\/www.pierrecaner.com\/wp-content\/uploads\/2025\/10\/Repetition-EOT_Prelude-2022-1024x768.jpg\" alt=\"\" class=\"wp-image-1465\" srcset=\"https:\/\/www.pierrecaner.com\/wp-content\/uploads\/2025\/10\/Repetition-EOT_Prelude-2022-1024x768.jpg 1024w, https:\/\/www.pierrecaner.com\/wp-content\/uploads\/2025\/10\/Repetition-EOT_Prelude-2022-300x225.jpg 300w, https:\/\/www.pierrecaner.com\/wp-content\/uploads\/2025\/10\/Repetition-EOT_Prelude-2022-768x576.jpg 768w, https:\/\/www.pierrecaner.com\/wp-content\/uploads\/2025\/10\/Repetition-EOT_Prelude-2022.jpg 1440w\" sizes=\"auto, (max-width: 1024px) 100vw, 1024px\" \/><button\n\t\t\tclass=\"lightbox-trigger\"\n\t\t\ttype=\"button\"\n\t\t\taria-haspopup=\"dialog\"\n\t\t\taria-label=\"Agrandir\"\n\t\t\tdata-wp-init=\"callbacks.initTriggerButton\"\n\t\t\tdata-wp-on--click=\"actions.showLightbox\"\n\t\t\tdata-wp-style--right=\"state.imageButtonRight\"\n\t\t\tdata-wp-style--top=\"state.imageButtonTop\"\n\t\t>\n\t\t\t<svg xmlns=\"http:\/\/www.w3.org\/2000\/svg\" width=\"12\" height=\"12\" fill=\"none\" viewBox=\"0 0 12 12\">\n\t\t\t\t<path fill=\"#fff\" d=\"M2 0a2 2 0 0 0-2 2v2h1.5V2a.5.5 0 0 1 .5-.5h2V0H2Zm2 10.5H2a.5.5 0 0 1-.5-.5V8H0v2a2 2 0 0 0 2 2h2v-1.5ZM8 12v-1.5h2a.5.5 0 0 0 .5-.5V8H12v2a2 2 0 0 1-2 2H8Zm2-12a2 2 0 0 1 2 2v2h-1.5V2a.5.5 0 0 0-.5-.5H8V0h2Z\" \/>\n\t\t\t<\/svg>\n\t\t<\/button><\/figure>\n<\/div>\n<\/div>\n\n\n\n<p class=\"has-small-font-size\" style=\"margin-top:var(--wp--preset--spacing--20);margin-bottom:var(--wp--preset--spacing--20);padding-top:0;padding-right:0;padding-bottom:0;padding-left:0\"><em>\u00a9 photo N. Desroziers\/R\u00e9p\u00e9tition Pr\u00e9lude au R\u00e9veillon<\/em><\/p>\n\n\n\n<div class=\"wp-block-columns is-layout-flex wp-container-core-columns-is-layout-28f84493 wp-block-columns-is-layout-flex\">\n<div class=\"wp-block-column is-layout-flow wp-block-column-is-layout-flow\" style=\"flex-basis:33.33%\">\n<p><\/p>\n<\/div>\n\n\n\n<div class=\"wp-block-column is-layout-flow wp-block-column-is-layout-flow\" style=\"flex-basis:66.66%\">\n<figure data-wp-context=\"{&quot;imageId&quot;:&quot;69f2f6880426c&quot;}\" data-wp-interactive=\"core\/image\" data-wp-key=\"69f2f6880426c\" class=\"wp-block-image size-full wp-lightbox-container\"><img loading=\"lazy\" decoding=\"async\" width=\"800\" height=\"533\" data-wp-class--hide=\"state.isContentHidden\" data-wp-class--show=\"state.isContentVisible\" data-wp-init=\"callbacks.setButtonStyles\" data-wp-on--click=\"actions.showLightbox\" data-wp-on--load=\"callbacks.setButtonStyles\" data-wp-on-window--resize=\"callbacks.setButtonStyles\" src=\"https:\/\/www.pierrecaner.com\/wp-content\/uploads\/2025\/08\/IMG_3703.jpg\" alt=\"\" class=\"wp-image-684\" srcset=\"https:\/\/www.pierrecaner.com\/wp-content\/uploads\/2025\/08\/IMG_3703.jpg 800w, https:\/\/www.pierrecaner.com\/wp-content\/uploads\/2025\/08\/IMG_3703-300x200.jpg 300w, https:\/\/www.pierrecaner.com\/wp-content\/uploads\/2025\/08\/IMG_3703-768x512.jpg 768w\" sizes=\"auto, (max-width: 800px) 100vw, 800px\" \/><button\n\t\t\tclass=\"lightbox-trigger\"\n\t\t\ttype=\"button\"\n\t\t\taria-haspopup=\"dialog\"\n\t\t\taria-label=\"Agrandir\"\n\t\t\tdata-wp-init=\"callbacks.initTriggerButton\"\n\t\t\tdata-wp-on--click=\"actions.showLightbox\"\n\t\t\tdata-wp-style--right=\"state.imageButtonRight\"\n\t\t\tdata-wp-style--top=\"state.imageButtonTop\"\n\t\t>\n\t\t\t<svg xmlns=\"http:\/\/www.w3.org\/2000\/svg\" width=\"12\" height=\"12\" fill=\"none\" viewBox=\"0 0 12 12\">\n\t\t\t\t<path fill=\"#fff\" d=\"M2 0a2 2 0 0 0-2 2v2h1.5V2a.5.5 0 0 1 .5-.5h2V0H2Zm2 10.5H2a.5.5 0 0 1-.5-.5V8H0v2a2 2 0 0 0 2 2h2v-1.5ZM8 12v-1.5h2a.5.5 0 0 0 .5-.5V8H12v2a2 2 0 0 1-2 2H8Zm2-12a2 2 0 0 1 2 2v2h-1.5V2a.5.5 0 0 0-.5-.5H8V0h2Z\" \/>\n\t\t\t<\/svg>\n\t\t<\/button><\/figure>\n\n\n\n<p class=\"has-text-align-right has-small-font-size\" style=\"margin-top:var(--wp--preset--spacing--20);margin-bottom:var(--wp--preset--spacing--20);padding-top:0;padding-bottom:0\"><em>\u00a9 photo Nicolas Storchi\/CMDT 2024<\/em><\/p>\n<\/div>\n<\/div>\n\n\n\n<div class=\"wp-block-columns is-layout-flex wp-container-core-columns-is-layout-28f84493 wp-block-columns-is-layout-flex\">\n<div class=\"wp-block-column is-layout-flow wp-block-column-is-layout-flow\" style=\"flex-basis:66.66%\">\n<figure data-wp-context=\"{&quot;imageId&quot;:&quot;69f2f6880481e&quot;}\" data-wp-interactive=\"core\/image\" data-wp-key=\"69f2f6880481e\" class=\"wp-block-image size-large wp-lightbox-container\"><img loading=\"lazy\" decoding=\"async\" width=\"1024\" height=\"683\" data-wp-class--hide=\"state.isContentHidden\" data-wp-class--show=\"state.isContentVisible\" data-wp-init=\"callbacks.setButtonStyles\" data-wp-on--click=\"actions.showLightbox\" data-wp-on--load=\"callbacks.setButtonStyles\" data-wp-on-window--resize=\"callbacks.setButtonStyles\" src=\"https:\/\/www.pierrecaner.com\/wp-content\/uploads\/2025\/10\/Direction-orchestre_CMDT_Hisaishi-1024x683.jpg\" alt=\"\" class=\"wp-image-1464\" srcset=\"https:\/\/www.pierrecaner.com\/wp-content\/uploads\/2025\/10\/Direction-orchestre_CMDT_Hisaishi-1024x683.jpg 1024w, https:\/\/www.pierrecaner.com\/wp-content\/uploads\/2025\/10\/Direction-orchestre_CMDT_Hisaishi-300x200.jpg 300w, https:\/\/www.pierrecaner.com\/wp-content\/uploads\/2025\/10\/Direction-orchestre_CMDT_Hisaishi-768x512.jpg 768w, https:\/\/www.pierrecaner.com\/wp-content\/uploads\/2025\/10\/Direction-orchestre_CMDT_Hisaishi-1536x1024.jpg 1536w, https:\/\/www.pierrecaner.com\/wp-content\/uploads\/2025\/10\/Direction-orchestre_CMDT_Hisaishi.jpg 2048w\" sizes=\"auto, (max-width: 1024px) 100vw, 1024px\" \/><button\n\t\t\tclass=\"lightbox-trigger\"\n\t\t\ttype=\"button\"\n\t\t\taria-haspopup=\"dialog\"\n\t\t\taria-label=\"Agrandir\"\n\t\t\tdata-wp-init=\"callbacks.initTriggerButton\"\n\t\t\tdata-wp-on--click=\"actions.showLightbox\"\n\t\t\tdata-wp-style--right=\"state.imageButtonRight\"\n\t\t\tdata-wp-style--top=\"state.imageButtonTop\"\n\t\t>\n\t\t\t<svg xmlns=\"http:\/\/www.w3.org\/2000\/svg\" width=\"12\" height=\"12\" fill=\"none\" viewBox=\"0 0 12 12\">\n\t\t\t\t<path fill=\"#fff\" d=\"M2 0a2 2 0 0 0-2 2v2h1.5V2a.5.5 0 0 1 .5-.5h2V0H2Zm2 10.5H2a.5.5 0 0 1-.5-.5V8H0v2a2 2 0 0 0 2 2h2v-1.5ZM8 12v-1.5h2a.5.5 0 0 0 .5-.5V8H12v2a2 2 0 0 1-2 2H8Zm2-12a2 2 0 0 1 2 2v2h-1.5V2a.5.5 0 0 0-.5-.5H8V0h2Z\" \/>\n\t\t\t<\/svg>\n\t\t<\/button><\/figure>\n\n\n\n<p class=\"has-small-font-size\" style=\"margin-top:var(--wp--preset--spacing--20);margin-bottom:var(--wp--preset--spacing--20);padding-top:0;padding-bottom:0\"><em>\u00a9 photo F. Delpy\/CMDT 2022\/Concert Hisaishi<\/em><\/p>\n<\/div>\n\n\n\n<div class=\"wp-block-column is-layout-flow wp-block-column-is-layout-flow\" style=\"flex-basis:33.33%\">\n<p><\/p>\n<\/div>\n<\/div>\n\n\n\n<div class=\"wp-block-buttons is-content-justification-right is-layout-flex wp-container-core-buttons-is-layout-d445cf74 wp-block-buttons-is-layout-flex\">\n<div class=\"wp-block-button animated bounceIn is-style-fill\"><a class=\"wp-block-button__link has-ti-bg-color has-text-color has-background has-link-color has-small-font-size has-custom-font-size wp-element-button\" href=\"#top\" style=\"border-style:none;border-width:0px;border-radius:30px;background-color:#662002;padding-top:0;padding-right:var(--wp--preset--spacing--20);padding-bottom:0;padding-left:var(--wp--preset--spacing--20)\"><em>Haut de page<\/em><\/a><\/div>\n<\/div>\n\n\n\n<div style=\"height:74px\" aria-hidden=\"true\" class=\"wp-block-spacer\"><\/div>\n<\/div>\n\n\n\n<div class=\"wp-block-group is-layout-constrained wp-block-group-is-layout-constrained\">\n<div class=\"wp-block-cover has-custom-content-position is-position-bottom-right\" style=\"min-height:195px;aspect-ratio:unset;\" id=\"Videos\"><img loading=\"lazy\" decoding=\"async\" width=\"1024\" height=\"681\" class=\"wp-block-cover__image-background wp-image-1279 size-large\" alt=\"\" src=\"https:\/\/www.pierrecaner.com\/wp-content\/uploads\/2025\/10\/PIERRE-2025_CCL7469-v2-1024x681.jpg\" style=\"object-position:51% 25%\" data-object-fit=\"cover\" data-object-position=\"51% 25%\" srcset=\"https:\/\/www.pierrecaner.com\/wp-content\/uploads\/2025\/10\/PIERRE-2025_CCL7469-v2-1024x681.jpg 1024w, https:\/\/www.pierrecaner.com\/wp-content\/uploads\/2025\/10\/PIERRE-2025_CCL7469-v2-300x200.jpg 300w, https:\/\/www.pierrecaner.com\/wp-content\/uploads\/2025\/10\/PIERRE-2025_CCL7469-v2-768x511.jpg 768w, https:\/\/www.pierrecaner.com\/wp-content\/uploads\/2025\/10\/PIERRE-2025_CCL7469-v2-1536x1022.jpg 1536w, https:\/\/www.pierrecaner.com\/wp-content\/uploads\/2025\/10\/PIERRE-2025_CCL7469-v2-2048x1363.jpg 2048w\" sizes=\"auto, (max-width: 1024px) 100vw, 1024px\" \/><span aria-hidden=\"true\" class=\"wp-block-cover__background has-background-dim\" style=\"background-color:#5a5350\"><\/span><div class=\"wp-block-cover__inner-container is-layout-constrained wp-block-cover-is-layout-constrained\">\n<h3 class=\"wp-block-heading alignwide has-text-align-right has-huge-font-size\" id=\"Videos\">Vid\u00e9os<\/h3>\n<\/div><\/div>\n\n\n\n<p class=\"has-medium-font-size\">Retrouvez quelques extraits de concerts, en tant que compositeur ou bien comme chef d&rsquo;orchestre de l&rsquo;<a href=\"https:\/\/www.facebook.com\/ensembleorchestraldutarn\" target=\"_blank\" rel=\"noreferrer noopener\"><strong>Ensemble Orchestral du Tarn<\/strong><\/a>&#8230;<\/p>\n\n\n\n<h2 class=\"wp-block-heading has-ti-bg-color has-ti-accent-secondary-background-color has-text-color has-background has-link-color wp-elements-8d1e067b36491cf867ad839a7a2d8a9d\" id=\"video_magnificat\" style=\"border-radius:100px;margin-top:var(--wp--preset--spacing--40);margin-bottom:var(--wp--preset--spacing--40);padding-top:var(--wp--preset--spacing--30);padding-right:var(--wp--preset--spacing--60);padding-bottom:var(--wp--preset--spacing--30);padding-left:var(--wp--preset--spacing--60)\">Magnificat <\/h2>\n\n\n\n<div class=\"wp-block-columns is-layout-flex wp-container-core-columns-is-layout-28f84493 wp-block-columns-is-layout-flex\">\n<div class=\"wp-block-column is-layout-flow wp-block-column-is-layout-flow\" style=\"flex-basis:33.33%\">\n<blockquote class=\"wp-block-quote has-small-font-size is-layout-flow wp-block-quote-is-layout-flow\">\n<p class=\"has-text-align-left has-small-font-size\">Extraits des concerts donn\u00e9s en mai 2019 dans le Tarn (<em>France<\/em>) avec le Ch\u0153ur de jeunes de Castres du Conservatoire de Musique et de Danse du Tarn, l&rsquo;Ensemble vocal Arioso, le Ch\u0153ur Le Madrigal et l&rsquo;Ensemble Orchestral du Tarn sous la direction de Pierre Caner. <br>Chefs de ch\u0153ur : Christine Caner et Elisabeth Delplanque.<\/p>\n<\/blockquote>\n<\/div>\n\n\n\n<div class=\"wp-block-column is-layout-flow wp-block-column-is-layout-flow\" style=\"flex-basis:66.66%\">\n<figure class=\"wp-block-embed aligncenter is-type-video is-provider-youtube wp-block-embed-youtube wp-embed-aspect-16-9 wp-has-aspect-ratio\"><div class=\"wp-block-embed__wrapper\">\n<iframe loading=\"lazy\" title=\"CANER Pierre, Magnificat, Et Misericordia\" width=\"500\" height=\"281\" src=\"https:\/\/www.youtube.com\/embed\/47TfVOmOk0I?feature=oembed\" frameborder=\"0\" allow=\"accelerometer; autoplay; clipboard-write; encrypted-media; gyroscope; picture-in-picture; web-share\" referrerpolicy=\"strict-origin-when-cross-origin\" allowfullscreen><\/iframe>\n<\/div><\/figure>\n\n\n\n<p class=\"has-text-align-right has-small-font-size\" style=\"margin-top:0;margin-bottom:0;padding-top:0;padding-bottom:0\"><em><strong>Et misericordia<\/strong><\/em><\/p>\n\n\n\n<div style=\"margin-top:0;margin-bottom:0;height:8px\" aria-hidden=\"true\" class=\"wp-block-spacer\"><\/div>\n<\/div>\n<\/div>\n\n\n\n<div class=\"wp-block-group is-layout-constrained wp-block-group-is-layout-constrained\">\n<figure class=\"wp-block-embed is-type-video is-provider-youtube wp-block-embed-youtube wp-embed-aspect-16-9 wp-has-aspect-ratio\"><div class=\"wp-block-embed__wrapper\">\n<iframe loading=\"lazy\" title=\"Au c\u0153ur des ch\u0153urs du Tarn pour une cr\u00e9ation musicale in\u00e9dite\" width=\"500\" height=\"281\" src=\"https:\/\/www.youtube.com\/embed\/tnRq9isznBk?feature=oembed\" frameborder=\"0\" allow=\"accelerometer; autoplay; clipboard-write; encrypted-media; gyroscope; picture-in-picture; web-share\" referrerpolicy=\"strict-origin-when-cross-origin\" allowfullscreen><\/iframe>\n<\/div><\/figure>\n\n\n\n<p class=\"has-text-align-left has-small-font-size\" style=\"margin-top:0;margin-bottom:0;padding-top:0;padding-bottom:0\"><em><strong>Reportage France 3 Occitanie sur la cr\u00e9ation du Magnificat<\/strong><\/em><\/p>\n<\/div>\n\n\n\n<div class=\"wp-block-columns is-layout-flex wp-container-core-columns-is-layout-28f84493 wp-block-columns-is-layout-flex\">\n<div class=\"wp-block-column is-layout-flow wp-block-column-is-layout-flow\" style=\"flex-basis:66.66%\">\n<figure class=\"wp-block-embed aligncenter is-type-video is-provider-youtube wp-block-embed-youtube wp-embed-aspect-16-9 wp-has-aspect-ratio\" style=\"margin-top:0;margin-bottom:0\"><div class=\"wp-block-embed__wrapper\">\n<iframe loading=\"lazy\" title=\"Magnificat - Vide\u0301o pre\u0301sentation\" width=\"500\" height=\"281\" src=\"https:\/\/www.youtube.com\/embed\/MqWrmNX9quo?feature=oembed\" frameborder=\"0\" allow=\"accelerometer; autoplay; clipboard-write; encrypted-media; gyroscope; picture-in-picture; web-share\" referrerpolicy=\"strict-origin-when-cross-origin\" allowfullscreen><\/iframe>\n<\/div><\/figure>\n<\/div>\n\n\n\n<div class=\"wp-block-column is-layout-flow wp-block-column-is-layout-flow\" style=\"flex-basis:33.33%\">\n<div style=\"height:60px\" aria-hidden=\"true\" class=\"wp-block-spacer\"><\/div>\n\n\n\n<blockquote class=\"wp-block-quote has-small-font-size is-layout-flow wp-block-quote-is-layout-flow\">\n<p>Vid\u00e9os reprenant divers extraits de la totalit\u00e9 de la pi\u00e8ce sur les 3 concerts : <\/p>\n\n\n\n<p>\u00ab\u00a0Magnificat Anima Mea\u00a0\u00bb et \u00ab\u00a0Esurientes\u00a0\u00bb (solistes L\u00e9na Sanchez et Bertille Jollet)<\/p>\n<\/blockquote>\n<\/div>\n<\/div>\n\n\n\n<div class=\"wp-block-columns is-layout-flex wp-container-core-columns-is-layout-28f84493 wp-block-columns-is-layout-flex\">\n<div class=\"wp-block-column is-layout-flow wp-block-column-is-layout-flow\" style=\"flex-basis:33.33%\">\n<div style=\"height:96px\" aria-hidden=\"true\" class=\"wp-block-spacer\"><\/div>\n\n\n\n<blockquote class=\"wp-block-quote has-small-font-size is-layout-flow wp-block-quote-is-layout-flow\">\n<p class=\"has-text-align-left\">Trois autres extraits : <br>\u00ab\u00a0Quia Respexit\u00a0\u00bb, \u00ab\u00a0Quia <br>Fecit Mihi Magna \u00a0\u00bb <br>et \u00ab\u00a0Et Misericordia\u00a0\u00bb<\/p>\n<\/blockquote>\n<\/div>\n\n\n\n<div class=\"wp-block-column is-layout-flow wp-block-column-is-layout-flow\" style=\"flex-basis:66.66%\">\n<figure class=\"wp-block-embed aligncenter is-type-video is-provider-youtube wp-block-embed-youtube wp-embed-aspect-16-9 wp-has-aspect-ratio\" style=\"margin-top:0;margin-bottom:0\"><div class=\"wp-block-embed__wrapper\">\n<iframe loading=\"lazy\" title=\"Magnificat - Trois autres extraits\" width=\"500\" height=\"281\" src=\"https:\/\/www.youtube.com\/embed\/NIrZ_YRBU6c?feature=oembed\" frameborder=\"0\" allow=\"accelerometer; autoplay; clipboard-write; encrypted-media; gyroscope; picture-in-picture; web-share\" referrerpolicy=\"strict-origin-when-cross-origin\" allowfullscreen><\/iframe>\n<\/div><\/figure>\n<\/div>\n<\/div>\n\n\n\n<div style=\"height:17px\" aria-hidden=\"true\" class=\"wp-block-spacer\"><\/div>\n\n\n\n<div class=\"wp-block-buttons is-content-justification-right is-layout-flex wp-container-core-buttons-is-layout-d445cf74 wp-block-buttons-is-layout-flex\">\n<div class=\"wp-block-button animated bounceIn is-style-fill\"><a class=\"wp-block-button__link has-ti-bg-color has-text-color has-background has-link-color has-small-font-size has-custom-font-size wp-element-button\" href=\"#top\" style=\"border-style:none;border-width:0px;border-radius:30px;background-color:#662002;padding-top:0;padding-right:var(--wp--preset--spacing--20);padding-bottom:0;padding-left:var(--wp--preset--spacing--20)\"><em>Haut de page<\/em><\/a><\/div>\n<\/div>\n\n\n\n<h2 class=\"wp-block-heading has-text-align-right has-ti-bg-color has-ti-accent-secondary-background-color has-text-color has-background has-link-color wp-elements-cb08775dbcedb025bdbc3e8f3604a319\" id=\"video_petitevalse\" style=\"border-radius:100px;margin-top:var(--wp--preset--spacing--40);margin-bottom:var(--wp--preset--spacing--40);padding-top:var(--wp--preset--spacing--30);padding-right:var(--wp--preset--spacing--60);padding-bottom:var(--wp--preset--spacing--30);padding-left:var(--wp--preset--spacing--60)\">Petite Valse du Confinement<\/h2>\n\n\n\n<h3 class=\"wp-block-heading\">Petite Valse du confinement<br>\u00e9pisode II pour grand orchestre<\/h3>\n\n\n\n<p>\u00c9crite pendant le confinement, la \u201cPetite Valse\u201d a \u00e9t\u00e9 enregistr\u00e9e une <a href=\"https:\/\/youtu.be\/t68iQO8MIdM\"><strong>premi\u00e8re fois<\/strong><\/a> par les 35 musiciens de l&rsquo;Ensemble Orchestral du Tarn&#8230; Devant l&rsquo;enthousiasme rencontr\u00e9, c&rsquo;est avec une nouvelle orchestration qu&rsquo;elle est partie faire le tour du monde&#8230; <\/p>\n\n\n\n<p>Le succ\u00e8s a d\u00e9pass\u00e9 les esp\u00e9rances puisque c&rsquo;est plus de 150 musiciens qui ont enregistr\u00e9 leur partie, depuis chez eux, pour donner vie \u00e0 cette musique, compos\u00e9e sp\u00e9cialement pour cette p\u00e9riode trouble que le monde entier traverse&#8230; <\/p>\n\n\n\n<p>Au total, il aura fallu plus d&rsquo;un mois et demi de travail pour synchroniser, d\u00e9couper, mixer, agencer et monter les pr\u00e8s de 200 vid\u00e9os envoy\u00e9es de toutes les r\u00e9gions de France mais aussi&#8230; du Canada, du Costa-Rica, d\u2019Espagne et de Catalogne, du Mexique, du Royaume-Uni, de Sardaigne et des \u00c9tats-Unis (Floride et Maryland)\u2026 <\/p>\n\n\n\n<figure class=\"wp-block-embed is-type-video is-provider-youtube wp-block-embed-youtube wp-embed-aspect-16-9 wp-has-aspect-ratio\"><div class=\"wp-block-embed__wrapper\">\n<iframe loading=\"lazy\" title=\"Pierre CANER, Petite Valse du confinement - Episode II\" width=\"500\" height=\"281\" src=\"https:\/\/www.youtube.com\/embed\/ys2whIr1NX0?feature=oembed\" frameborder=\"0\" allow=\"accelerometer; autoplay; clipboard-write; encrypted-media; gyroscope; picture-in-picture; web-share\" referrerpolicy=\"strict-origin-when-cross-origin\" allowfullscreen><\/iframe>\n<\/div><\/figure>\n\n\n\n<p>Les 50 parties de la partition ont \u00e9t\u00e9 con\u00e7ues de fa\u00e7on \u00e0 pouvoir rassembler tous les musiciens qui souhaitaient rejoindre le projet, \u00e9l\u00e8ves d\u00e9butants comme professeurs, musiciens amateurs plus ou moins exp\u00e9riment\u00e9s, musiciens professionnels. Des instruments ont \u00e9t\u00e9 ajout\u00e9s pendant la r\u00e9alisation \u00e0 la demande de leur interpr\u00e8te. <\/p>\n\n\n\n<p>Certaines familles enti\u00e8res ont particip\u00e9, ensemble, \u00e0 l&rsquo;aventure, parfois seulement deux fr\u00e8res, une maman et son fils, un papa et sa fille&#8230; La \u00ab\u00a0Petite Valse\u00a0\u00bb a \u00e9galement permis \u00e0 des familles, \u00e9clat\u00e9es g\u00e9ographiquement, de se retrouver pour jouer ensemble tout en \u00e9tant \u00e0 des kilom\u00e8tres de distance&#8230;<\/p>\n\n\n\n<div class=\"wp-block-columns is-layout-flex wp-container-core-columns-is-layout-28f84493 wp-block-columns-is-layout-flex\">\n<div class=\"wp-block-column is-layout-flow wp-block-column-is-layout-flow\" style=\"flex-basis:33.33%\">\n<figure data-wp-context=\"{&quot;imageId&quot;:&quot;69f2f688062af&quot;}\" data-wp-interactive=\"core\/image\" data-wp-key=\"69f2f688062af\" class=\"wp-block-image size-large wp-lightbox-container\"><img loading=\"lazy\" decoding=\"async\" width=\"1024\" height=\"577\" data-wp-class--hide=\"state.isContentHidden\" data-wp-class--show=\"state.isContentVisible\" data-wp-init=\"callbacks.setButtonStyles\" data-wp-on--click=\"actions.showLightbox\" data-wp-on--load=\"callbacks.setButtonStyles\" data-wp-on-window--resize=\"callbacks.setButtonStyles\" src=\"https:\/\/www.pierrecaner.com\/wp-content\/uploads\/2025\/10\/5edf977122f58_partition_valse-4786312-1024x577.jpg\" alt=\"\" class=\"wp-image-1635\" srcset=\"https:\/\/www.pierrecaner.com\/wp-content\/uploads\/2025\/10\/5edf977122f58_partition_valse-4786312-1024x577.jpg 1024w, https:\/\/www.pierrecaner.com\/wp-content\/uploads\/2025\/10\/5edf977122f58_partition_valse-4786312-300x169.jpg 300w, https:\/\/www.pierrecaner.com\/wp-content\/uploads\/2025\/10\/5edf977122f58_partition_valse-4786312-768x432.jpg 768w, https:\/\/www.pierrecaner.com\/wp-content\/uploads\/2025\/10\/5edf977122f58_partition_valse-4786312-1536x865.jpg 1536w, https:\/\/www.pierrecaner.com\/wp-content\/uploads\/2025\/10\/5edf977122f58_partition_valse-4786312-2048x1153.jpg 2048w\" sizes=\"auto, (max-width: 1024px) 100vw, 1024px\" \/><button\n\t\t\tclass=\"lightbox-trigger\"\n\t\t\ttype=\"button\"\n\t\t\taria-haspopup=\"dialog\"\n\t\t\taria-label=\"Agrandir\"\n\t\t\tdata-wp-init=\"callbacks.initTriggerButton\"\n\t\t\tdata-wp-on--click=\"actions.showLightbox\"\n\t\t\tdata-wp-style--right=\"state.imageButtonRight\"\n\t\t\tdata-wp-style--top=\"state.imageButtonTop\"\n\t\t>\n\t\t\t<svg xmlns=\"http:\/\/www.w3.org\/2000\/svg\" width=\"12\" height=\"12\" fill=\"none\" viewBox=\"0 0 12 12\">\n\t\t\t\t<path fill=\"#fff\" d=\"M2 0a2 2 0 0 0-2 2v2h1.5V2a.5.5 0 0 1 .5-.5h2V0H2Zm2 10.5H2a.5.5 0 0 1-.5-.5V8H0v2a2 2 0 0 0 2 2h2v-1.5ZM8 12v-1.5h2a.5.5 0 0 0 .5-.5V8H12v2a2 2 0 0 1-2 2H8Zm2-12a2 2 0 0 1 2 2v2h-1.5V2a.5.5 0 0 0-.5-.5H8V0h2Z\" \/>\n\t\t\t<\/svg>\n\t\t<\/button><\/figure>\n<\/div>\n\n\n\n<div class=\"wp-block-column is-layout-flow wp-block-column-is-layout-flow\" style=\"flex-basis:66.66%\">\n<div class=\"wp-block-group is-layout-constrained wp-block-group-is-layout-constrained\">\n<h4 class=\"wp-block-heading\">Article France 3 Occitanie sur l&rsquo;Episode I<\/h4>\n\n\n\n<p class=\"has-small-font-size\" style=\"margin-top:0;margin-bottom:0\"><a href=\"https:\/\/france3-regions.franceinfo.fr\/occitanie\/tarn\/albi\/valse-du-confinement-oeuvre-musicale-composee-jouee-ensemble-orchestral-du-tarn-1821644.html\" target=\"_blank\" rel=\"noreferrer noopener\">https:\/\/france3-regions.franceinfo.fr\/occitanie\/tarn\/albi\/valse-du-confinement-oeuvre-musicale-composee-jouee-ensemble-orchestral-du-tarn-1821644.html<\/a><\/p>\n<\/div>\n<\/div>\n<\/div>\n<\/div>\n","protected":false},"excerpt":{"rendered":"<p>\u00a9 photos by Ccil \u00a9 photos by Ccil \u00a9 photo N. Desroziers\/R\u00e9p\u00e9tition Pr\u00e9lude au R\u00e9veillon \u00a9 photo Nicolas Storchi\/CMDT 2024 \u00a9 photo F. Delpy\/CMDT 2022\/Concert Hisaishi Retrouvez quelques extraits de concerts, en tant que compositeur ou bien comme chef d&rsquo;orchestre de l&rsquo;Ensemble Orchestral du Tarn&#8230; Magnificat Extraits des concerts donn\u00e9s en mai 2019 dans le [&hellip;]<\/p>\n","protected":false},"author":1,"featured_media":0,"parent":0,"menu_order":0,"comment_status":"closed","ping_status":"closed","template":"","meta":{"_themeisle_gutenberg_block_has_review":false,"footnotes":""},"class_list":["post-1573","page","type-page","status-publish","hentry"],"_links":{"self":[{"href":"https:\/\/www.pierrecaner.com\/index.php\/wp-json\/wp\/v2\/pages\/1573","targetHints":{"allow":["GET"]}}],"collection":[{"href":"https:\/\/www.pierrecaner.com\/index.php\/wp-json\/wp\/v2\/pages"}],"about":[{"href":"https:\/\/www.pierrecaner.com\/index.php\/wp-json\/wp\/v2\/types\/page"}],"author":[{"embeddable":true,"href":"https:\/\/www.pierrecaner.com\/index.php\/wp-json\/wp\/v2\/users\/1"}],"replies":[{"embeddable":true,"href":"https:\/\/www.pierrecaner.com\/index.php\/wp-json\/wp\/v2\/comments?post=1573"}],"version-history":[{"count":58,"href":"https:\/\/www.pierrecaner.com\/index.php\/wp-json\/wp\/v2\/pages\/1573\/revisions"}],"predecessor-version":[{"id":1675,"href":"https:\/\/www.pierrecaner.com\/index.php\/wp-json\/wp\/v2\/pages\/1573\/revisions\/1675"}],"wp:attachment":[{"href":"https:\/\/www.pierrecaner.com\/index.php\/wp-json\/wp\/v2\/media?parent=1573"}],"curies":[{"name":"wp","href":"https:\/\/api.w.org\/{rel}","templated":true}]}}