{"id":137,"date":"2025-10-02T10:36:11","date_gmt":"2025-10-02T08:36:11","guid":{"rendered":"http:\/\/www.pierrecaner.com\/?page_id=137"},"modified":"2025-10-21T10:59:32","modified_gmt":"2025-10-21T08:59:32","slug":"compositions","status":"publish","type":"page","link":"https:\/\/www.pierrecaner.com\/index.php\/compositions\/","title":{"rendered":"Compositions"},"content":{"rendered":"\n<div class=\"wp-block-columns is-layout-flex wp-container-core-columns-is-layout-c85a1196 wp-block-columns-is-layout-flex\" style=\"margin-top:0;margin-bottom:0;padding-top:0;padding-bottom:0\">\n<div class=\"wp-block-column is-layout-flow wp-block-column-is-layout-flow\" style=\"flex-basis:66.66%\">\n<p class=\"has-text-align-left has-ti-accent-secondary-color has-text-color has-link-color wp-elements-d41e092d5603dbb74fa3699b55e7e9af\" style=\"padding-top:0;padding-bottom:0\">Pour d\u00e9couvrir l&rsquo;ensemble des compositions, cliquez sur le bouton <strong><em>catalogue complet<\/em><\/strong>, sur un des <strong><em><a href=\"#motcl\u00e9\">mots-cl\u00e9s<\/a><\/em><\/strong> ou explorez les cat\u00e9gories g\u00e9n\u00e9rales dans les <a href=\"#catalogue\"><strong><em>menus<\/em><\/strong><\/a><\/p>\n<\/div>\n\n\n\n<div class=\"wp-block-column is-vertically-aligned-center is-layout-flow wp-block-column-is-layout-flow\" style=\"flex-basis:33.33%\">\n<div class=\"wp-block-buttons is-horizontal is-content-justification-right is-layout-flex wp-container-core-buttons-is-layout-78e05427 wp-block-buttons-is-layout-flex\" style=\"border-radius:36px;margin-top:var(--wp--preset--spacing--20);margin-bottom:var(--wp--preset--spacing--20);padding-top:0;padding-bottom:0\">\n<div class=\"wp-block-button\"><a class=\"wp-block-button__link has-background has-normal-font-size has-custom-font-size wp-element-button\" href=\"https:\/\/www.pierrecaner.com\/index.php\/catalogue-complet\/\" style=\"border-style:none;border-width:0px;border-radius:56px;background-color:#662002;padding-top:var(--wp--preset--spacing--20);padding-right:var(--wp--preset--spacing--50);padding-bottom:var(--wp--preset--spacing--20);padding-left:var(--wp--preset--spacing--50)\">catalogue complet<\/a><\/div>\n<\/div>\n<\/div>\n<\/div>\n\n\n\n<figure class=\"wp-block-image size-large\" style=\"margin-right:0;margin-left:0\"><img loading=\"lazy\" decoding=\"async\" width=\"2560\" height=\"1439\" src=\"https:\/\/www.pierrecaner.com\/wp-content\/uploads\/2025\/10\/PIERRE-2025_CCL7183-edited-scaled.jpg\" alt=\"\" class=\"wp-image-1431\" srcset=\"https:\/\/www.pierrecaner.com\/wp-content\/uploads\/2025\/10\/PIERRE-2025_CCL7183-edited-scaled.jpg 2560w, https:\/\/www.pierrecaner.com\/wp-content\/uploads\/2025\/10\/PIERRE-2025_CCL7183-edited-300x169.jpg 300w, https:\/\/www.pierrecaner.com\/wp-content\/uploads\/2025\/10\/PIERRE-2025_CCL7183-edited-1024x576.jpg 1024w, https:\/\/www.pierrecaner.com\/wp-content\/uploads\/2025\/10\/PIERRE-2025_CCL7183-edited-768x432.jpg 768w, https:\/\/www.pierrecaner.com\/wp-content\/uploads\/2025\/10\/PIERRE-2025_CCL7183-edited-1536x863.jpg 1536w, https:\/\/www.pierrecaner.com\/wp-content\/uploads\/2025\/10\/PIERRE-2025_CCL7183-edited-2048x1151.jpg 2048w\" sizes=\"auto, (max-width: 2560px) 100vw, 2560px\" \/><\/figure>\n\n\n\n<p class=\"has-text-align-right has-small-font-size\" style=\"margin-top:0;margin-bottom:0;padding-top:0;padding-bottom:0\"><em><em><em>\u00a9 photo by <a href=\"https:\/\/www.instagram.com\/by_ccil?utm_source=qr&amp;igsh=ZDcxZmZ4d2Vydmhv\" target=\"_blank\" rel=\"noreferrer noopener\">Ccil<\/a><\/em><\/em><\/em><\/p>\n\n\n\n<div style=\"height:23px\" aria-hidden=\"true\" id=\"motcl\u00e9\" class=\"wp-block-spacer\"><\/div>\n\n\n<p style=\"font-style:normal;font-weight:200;line-height:0.6;text-transform:none;letter-spacing:0px; padding-top:0;padding-bottom:0;padding-left:0;padding-right:0;margin-top:0;margin-bottom:0;margin-left:0;margin-right:0;\" class=\"aligncenter is-style-outline wp-block-tag-cloud\"><a href=\"https:\/\/www.pierrecaner.com\/index.php\/tag\/4_mains\/\" class=\"tag-cloud-link tag-link-80 tag-link-position-1\" style=\"font-size: 8pt;\" aria-label=\"4 mains (1 \u00e9l\u00e9ment)\">4 mains<\/a>\n<a href=\"https:\/\/www.pierrecaner.com\/index.php\/tag\/acappella\/\" class=\"tag-cloud-link tag-link-19 tag-link-position-2\" style=\"font-size: 13.454545454545pt;\" aria-label=\"a cappella (6 \u00e9l\u00e9ments)\">a cappella<\/a>\n<a href=\"https:\/\/www.pierrecaner.com\/index.php\/tag\/accompagne\/\" class=\"tag-cloud-link tag-link-55 tag-link-position-3\" style=\"font-size: 18.909090909091pt;\" aria-label=\"avec accompagnement (24 \u00e9l\u00e9ments)\">avec accompagnement<\/a>\n<a href=\"https:\/\/www.pierrecaner.com\/index.php\/tag\/baryton\/\" class=\"tag-cloud-link tag-link-57 tag-link-position-4\" style=\"font-size: 8pt;\" aria-label=\"baryton (1 \u00e9l\u00e9ment)\">baryton<\/a>\n<a href=\"https:\/\/www.pierrecaner.com\/index.php\/tag\/brass_band\/\" class=\"tag-cloud-link tag-link-67 tag-link-position-5\" style=\"font-size: 8pt;\" aria-label=\"brass-band (1 \u00e9l\u00e9ment)\">brass-band<\/a>\n<a href=\"https:\/\/www.pierrecaner.com\/index.php\/tag\/choeur\/\" class=\"tag-cloud-link tag-link-15 tag-link-position-6\" style=\"font-size: 17.223140495868pt;\" aria-label=\"choeur (16 \u00e9l\u00e9ments)\">choeur<\/a>\n<a href=\"https:\/\/www.pierrecaner.com\/index.php\/tag\/cordes\/\" class=\"tag-cloud-link tag-link-63 tag-link-position-7\" style=\"font-size: 13.95041322314pt;\" aria-label=\"cordes (7 \u00e9l\u00e9ments)\">cordes<\/a>\n<a href=\"https:\/\/www.pierrecaner.com\/index.php\/tag\/cuivres\/\" class=\"tag-cloud-link tag-link-71 tag-link-position-8\" style=\"font-size: 9.7851239669421pt;\" aria-label=\"cuivres (2 \u00e9l\u00e9ments)\">cuivres<\/a>\n<a href=\"https:\/\/www.pierrecaner.com\/index.php\/tag\/enfants\/\" class=\"tag-cloud-link tag-link-21 tag-link-position-9\" style=\"font-size: 9.7851239669421pt;\" aria-label=\"enfants (2 \u00e9l\u00e9ments)\">enfants<\/a>\n<a href=\"https:\/\/www.pierrecaner.com\/index.php\/tag\/femmes\/\" class=\"tag-cloud-link tag-link-52 tag-link-position-10\" style=\"font-size: 9.7851239669421pt;\" aria-label=\"femmes (2 \u00e9l\u00e9ments)\">femmes<\/a>\n<a href=\"https:\/\/www.pierrecaner.com\/index.php\/tag\/flute\/\" class=\"tag-cloud-link tag-link-73 tag-link-position-11\" style=\"font-size: 8pt;\" aria-label=\"fl\u00fbte (1 \u00e9l\u00e9ment)\">fl\u00fbte<\/a>\n<a href=\"https:\/\/www.pierrecaner.com\/index.php\/tag\/harpe\/\" class=\"tag-cloud-link tag-link-62 tag-link-position-12\" style=\"font-size: 9.7851239669421pt;\" aria-label=\"harpe (2 \u00e9l\u00e9ments)\">harpe<\/a>\n<a href=\"https:\/\/www.pierrecaner.com\/index.php\/tag\/mezzo\/\" class=\"tag-cloud-link tag-link-59 tag-link-position-13\" style=\"font-size: 9.7851239669421pt;\" aria-label=\"mezzo-soprano (2 \u00e9l\u00e9ments)\">mezzo-soprano<\/a>\n<a href=\"https:\/\/www.pierrecaner.com\/index.php\/tag\/mixte\/\" class=\"tag-cloud-link tag-link-20 tag-link-position-14\" style=\"font-size: 16.429752066116pt;\" aria-label=\"mixte (13 \u00e9l\u00e9ments)\">mixte<\/a>\n<a href=\"https:\/\/www.pierrecaner.com\/index.php\/tag\/chambre\/\" class=\"tag-cloud-link tag-link-54 tag-link-position-15\" style=\"font-size: 12.760330578512pt;\" aria-label=\"musique de chambre (5 \u00e9l\u00e9ments)\">musique de chambre<\/a>\n<a href=\"https:\/\/www.pierrecaner.com\/index.php\/tag\/melodie\/\" class=\"tag-cloud-link tag-link-76 tag-link-position-16\" style=\"font-size: 16.03305785124pt;\" aria-label=\"m\u00e9lodie (12 \u00e9l\u00e9ments)\">m\u00e9lodie<\/a>\n<a href=\"https:\/\/www.pierrecaner.com\/index.php\/tag\/orchestre\/\" class=\"tag-cloud-link tag-link-17 tag-link-position-17\" style=\"font-size: 15.338842975207pt;\" aria-label=\"orchestre (10 \u00e9l\u00e9ments)\">orchestre<\/a>\n<a href=\"https:\/\/www.pierrecaner.com\/index.php\/tag\/orgue\/\" class=\"tag-cloud-link tag-link-61 tag-link-position-18\" style=\"font-size: 10.97520661157pt;\" aria-label=\"orgue (3 \u00e9l\u00e9ments)\">orgue<\/a>\n<a href=\"https:\/\/www.pierrecaner.com\/index.php\/tag\/perdus\/\" class=\"tag-cloud-link tag-link-64 tag-link-position-19\" style=\"font-size: 9.7851239669421pt;\" aria-label=\"percussions (2 \u00e9l\u00e9ments)\">percussions<\/a>\n<a href=\"https:\/\/www.pierrecaner.com\/index.php\/tag\/piano\/\" class=\"tag-cloud-link tag-link-60 tag-link-position-20\" style=\"font-size: 18.710743801653pt;\" aria-label=\"piano (23 \u00e9l\u00e9ments)\">piano<\/a>\n<a href=\"https:\/\/www.pierrecaner.com\/index.php\/tag\/quatuor\/\" class=\"tag-cloud-link tag-link-70 tag-link-position-21\" style=\"font-size: 9.7851239669421pt;\" aria-label=\"quatuor (2 \u00e9l\u00e9ments)\">quatuor<\/a>\n<a href=\"https:\/\/www.pierrecaner.com\/index.php\/tag\/recitant\/\" class=\"tag-cloud-link tag-link-69 tag-link-position-22\" style=\"font-size: 8pt;\" aria-label=\"r\u00e9citant (1 \u00e9l\u00e9ment)\">r\u00e9citant<\/a>\n<a href=\"https:\/\/www.pierrecaner.com\/index.php\/tag\/satb\/\" class=\"tag-cloud-link tag-link-74 tag-link-position-23\" style=\"font-size: 16.03305785124pt;\" aria-label=\"SATB (12 \u00e9l\u00e9ments)\">SATB<\/a>\n<a href=\"https:\/\/www.pierrecaner.com\/index.php\/tag\/soliste\/\" class=\"tag-cloud-link tag-link-18 tag-link-position-24\" style=\"font-size: 17.719008264463pt;\" aria-label=\"soliste (18 \u00e9l\u00e9ments)\">soliste<\/a>\n<a href=\"https:\/\/www.pierrecaner.com\/index.php\/tag\/solo_instru\/\" class=\"tag-cloud-link tag-link-78 tag-link-position-25\" style=\"font-size: 10.97520661157pt;\" aria-label=\"solo (3 \u00e9l\u00e9ments)\">solo<\/a>\n<a href=\"https:\/\/www.pierrecaner.com\/index.php\/tag\/soprano\/\" class=\"tag-cloud-link tag-link-58 tag-link-position-26\" style=\"font-size: 16.727272727273pt;\" aria-label=\"soprano (14 \u00e9l\u00e9ments)\">soprano<\/a>\n<a href=\"https:\/\/www.pierrecaner.com\/index.php\/tag\/ssatb\/\" class=\"tag-cloud-link tag-link-75 tag-link-position-27\" style=\"font-size: 8pt;\" aria-label=\"SSATB (1 \u00e9l\u00e9ment)\">SSATB<\/a>\n<a href=\"https:\/\/www.pierrecaner.com\/index.php\/tag\/symphonique\/\" class=\"tag-cloud-link tag-link-51 tag-link-position-28\" style=\"font-size: 11.96694214876pt;\" aria-label=\"symphonique (4 \u00e9l\u00e9ments)\">symphonique<\/a>\n<a href=\"https:\/\/www.pierrecaner.com\/index.php\/tag\/cello\/\" class=\"tag-cloud-link tag-link-68 tag-link-position-29\" style=\"font-size: 10.97520661157pt;\" aria-label=\"violoncelle (3 \u00e9l\u00e9ments)\">violoncelle<\/a>\n<a href=\"https:\/\/www.pierrecaner.com\/index.php\/tag\/vocal\/\" class=\"tag-cloud-link tag-link-53 tag-link-position-30\" style=\"font-size: 20pt;\" aria-label=\"vocal (31 \u00e9l\u00e9ments)\">vocal<\/a><\/p>\n\n\n<h2 class=\"wp-block-heading has-text-align-center has-text-color has-link-color has-fraunces-font-family wp-elements-7b373f8728ee548665fbcb0b26592c06\" id=\"catalogue\" style=\"color:#25592d\">Explorez le catalogue&#8230;<\/h2>\n\n\n\n<div class=\"wp-block-columns is-layout-flex wp-container-core-columns-is-layout-28f84493 wp-block-columns-is-layout-flex\">\n<div class=\"wp-block-column is-layout-flow wp-block-column-is-layout-flow\">\n<div id=\"wp-block-themeisle-blocks-flip-89ce2953\" class=\"wp-block-themeisle-blocks-flip anim flipY has-dark-back-bg has-light-front-bg\"><div class=\"o-flip-inner\"><div class=\"o-flip-front\"><div class=\"o-flip-content\"><h3>Musique<br>Vocale<\/h3><p><br>retournez la carte pour d\u00e9couvrir<br>l&rsquo;ensemble du r\u00e9pertoire<br>ou les diff\u00e9rentes<br>cat\u00e9gories<\/p><\/div><\/div><div class=\"o-flip-back\">\n<h4 class=\"wp-block-heading\">musique <br>vocale<\/h4>\n\n\n\n<p class=\"has-small-font-size\">d\u00e9couvrez l&rsquo;int\u00e9gralit\u00e9<br>des oeuvres de musique vocale<\/p>\n\n\n\n<div class=\"wp-block-buttons is-content-justification-center is-layout-flex wp-container-core-buttons-is-layout-a89b3969 wp-block-buttons-is-layout-flex\">\n<div class=\"wp-block-button has-custom-width wp-block-button__width-75 animated bounceIn is-style-fill\"><a class=\"wp-block-button__link has-ti-bg-color has-text-color has-background has-link-color has-small-font-size has-custom-font-size wp-element-button\" href=\"https:\/\/www.pierrecaner.com\/index.php\/musique-vocale\/\" style=\"border-style:none;border-width:0px;border-radius:30px;background-color:#662002;padding-top:var(--wp--preset--spacing--20);padding-right:var(--wp--preset--spacing--40);padding-bottom:var(--wp--preset--spacing--20);padding-left:var(--wp--preset--spacing--40)\">musique vocale<\/a><\/div>\n<\/div>\n\n\n\n<div class=\"wp-block-group is-layout-constrained wp-block-group-is-layout-constrained\">\n<div style=\"height:11px\" aria-hidden=\"true\" class=\"wp-block-spacer\"><\/div>\n\n\n\n<p class=\"has-small-font-size\">ou cliquez sur une <br>des cat\u00e9gories ci-dessous<\/p>\n\n\n\n<div style=\"height:15px\" aria-hidden=\"true\" class=\"wp-block-spacer\"><\/div>\n<\/div>\n\n\n\n<div class=\"wp-block-buttons is-content-justification-center is-layout-flex wp-container-core-buttons-is-layout-825ac908 wp-block-buttons-is-layout-flex\" style=\"margin-top:0;margin-bottom:0;padding-top:0;padding-bottom:0\">\n<div class=\"wp-block-button has-custom-width wp-block-button__width-75 animated bounceIn is-style-fill\"><a class=\"wp-block-button__link has-ti-bg-color has-text-color has-background has-link-color has-small-font-size has-custom-font-size wp-element-button\" href=\"#choeur\" style=\"border-style:none;border-width:0px;border-radius:30px;background-color:#158fb7;padding-top:var(--wp--preset--spacing--20);padding-right:0;padding-bottom:var(--wp--preset--spacing--20);padding-left:0\">ch\u0153ur<\/a><\/div>\n\n\n\n<div class=\"wp-block-button has-custom-width wp-block-button__width-75 animated bounceIn is-style-fill\"><a class=\"wp-block-button__link has-ti-bg-color has-text-color has-background has-link-color has-small-font-size has-custom-font-size wp-element-button\" href=\"#soliste\" style=\"border-style:none;border-width:0px;border-radius:30px;background-color:#006080;padding-top:var(--wp--preset--spacing--20);padding-right:0;padding-bottom:var(--wp--preset--spacing--20);padding-left:0\">soliste<\/a><\/div>\n<\/div>\n<\/div><\/div><\/div>\n<\/div>\n\n\n\n<div class=\"wp-block-column is-layout-flow wp-block-column-is-layout-flow\">\n<div id=\"wp-block-themeisle-blocks-flip-6af20039\" class=\"wp-block-themeisle-blocks-flip anim flipY has-light-front-bg  has-dark-back-bg\"><div class=\"o-flip-inner\"><div class=\"o-flip-front\"><div class=\"o-flip-content\"><h3>Musique Orchestrale<\/h3><p><br>retournez la carte pour d\u00e9couvrir<br>l&rsquo;ensemble du r\u00e9pertoire<br>ou les diff\u00e9rentes<br>cat\u00e9gories<\/p><\/div><\/div><div class=\"o-flip-back\">\n<h4 class=\"wp-block-heading\">musique orchestrale<\/h4>\n\n\n\n<div class=\"wp-block-group is-layout-constrained wp-block-group-is-layout-constrained\">\n<p class=\"has-small-font-size\">d\u00e9couvrez l&rsquo;int\u00e9gralit\u00e9 <br>des oeuvres de musique pour orchestre<\/p>\n\n\n\n<div style=\"height:12px\" aria-hidden=\"true\" class=\"wp-block-spacer\"><\/div>\n\n\n\n<div class=\"wp-block-buttons is-content-justification-center is-layout-flex wp-container-core-buttons-is-layout-156d2d8e wp-block-buttons-is-layout-flex\" style=\"margin-top:0;margin-bottom:0;padding-top:0;padding-bottom:0\">\n<div class=\"wp-block-button animated bounceIn is-style-fill\"><a class=\"wp-block-button__link has-ti-bg-color has-text-color has-background has-link-color has-small-font-size has-custom-font-size wp-element-button\" href=\"https:\/\/www.pierrecaner.com\/index.php\/musique-orchestrale\/\" style=\"border-style:none;border-width:0px;border-radius:30px;background-color:#662002;padding-top:var(--wp--preset--spacing--20);padding-right:var(--wp--preset--spacing--40);padding-bottom:var(--wp--preset--spacing--20);padding-left:var(--wp--preset--spacing--40)\">musique orchestrale<\/a><\/div>\n<\/div>\n\n\n\n<div style=\"height:12px\" aria-hidden=\"true\" class=\"wp-block-spacer\"><\/div>\n\n\n\n<p class=\"has-small-font-size\" style=\"margin-top:0;margin-bottom:0\">ou cliquez sur une <br>des cat\u00e9gories ci-dessous<\/p>\n\n\n\n<div style=\"height:14px\" aria-hidden=\"true\" class=\"wp-block-spacer\"><\/div>\n<\/div>\n\n\n\n<div class=\"wp-block-buttons is-content-justification-center is-layout-flex wp-container-core-buttons-is-layout-825ac908 wp-block-buttons-is-layout-flex\" style=\"margin-top:0;margin-bottom:0;padding-top:0;padding-bottom:0\">\n<div class=\"wp-block-button has-custom-width wp-block-button__width-75 animated bounceIn is-style-fill\"><a class=\"wp-block-button__link has-ti-bg-color has-text-color has-background has-link-color has-small-font-size has-custom-font-size wp-element-button\" href=\"https:\/\/www.pierrecaner.com\/index.php\/category\/orchestre\/orch_cordes\/\" style=\"border-style:none;border-width:0px;border-radius:30px;background-color:#7aa881;padding-top:var(--wp--preset--spacing--20);padding-right:0;padding-bottom:var(--wp--preset--spacing--20);padding-left:0\">orchestre \u00e0 cordes<\/a><\/div>\n\n\n\n<div class=\"wp-block-button has-custom-width wp-block-button__width-75 animated bounceIn is-style-fill\"><a class=\"wp-block-button__link has-ti-bg-color has-ti-accent-background-color has-text-color has-background has-link-color has-small-font-size has-custom-font-size wp-element-button\" href=\"https:\/\/www.pierrecaner.com\/index.php\/category\/orchestre\/orch_symph\/\" style=\"border-style:none;border-width:0px;border-radius:30px;padding-top:var(--wp--preset--spacing--20);padding-right:0;padding-bottom:var(--wp--preset--spacing--20);padding-left:0\">orch. symphonique<\/a><\/div>\n\n\n\n<div class=\"wp-block-button has-custom-width wp-block-button__width-75 animated bounceIn is-style-fill\"><a class=\"wp-block-button__link has-ti-bg-color has-ti-accent-secondary-background-color has-text-color has-background has-link-color has-small-font-size has-custom-font-size wp-element-button\" href=\"https:\/\/www.pierrecaner.com\/index.php\/category\/orchestre\/orch_harm\/\" style=\"border-style:none;border-width:0px;border-radius:30px;padding-top:var(--wp--preset--spacing--20);padding-right:0;padding-bottom:var(--wp--preset--spacing--20);padding-left:0\">orchestre d&rsquo;harmonie<\/a><\/div>\n\n\n\n<div class=\"wp-block-button has-custom-width wp-block-button__width-75 animated bounceIn is-style-fill\"><a class=\"wp-block-button__link has-ti-bg-color has-text-color has-background has-link-color has-small-font-size has-custom-font-size wp-element-button\" href=\"https:\/\/www.pierrecaner.com\/index.php\/category\/orchestre\/brass_band\/\" style=\"border-style:none;border-width:0px;border-radius:30px;background-color:#2a5b32;padding-top:var(--wp--preset--spacing--20);padding-right:0;padding-bottom:var(--wp--preset--spacing--20);padding-left:0\">brass-band<\/a><\/div>\n<\/div>\n<\/div><\/div><\/div>\n<\/div>\n\n\n\n<div class=\"wp-block-column is-layout-flow wp-block-column-is-layout-flow\">\n<div id=\"wp-block-themeisle-blocks-flip-457d445b\" class=\"wp-block-themeisle-blocks-flip anim flipY has-dark-front-bg has-light-back-bg\"><div class=\"o-flip-inner\"><div class=\"o-flip-front\"><div class=\"o-flip-content\"><h3>Musique<br>de Chambre<\/h3><p><br>retournez la carte pour d\u00e9couvrir<br>l&rsquo;ensemble du r\u00e9pertoire<br>ou les diff\u00e9rentes<br>cat\u00e9gories<\/p><\/div><\/div><div class=\"o-flip-back\">\n<h4 class=\"wp-block-heading\">musique<br>de chambre<\/h4>\n\n\n\n<div class=\"wp-block-group is-layout-constrained wp-block-group-is-layout-constrained\">\n<p class=\"has-small-font-size\">d\u00e9couvrez l&rsquo;int\u00e9gralit\u00e9 <br>des oeuvres de musique de chambre<\/p>\n\n\n\n<div class=\"wp-block-buttons is-content-justification-center is-layout-flex wp-container-core-buttons-is-layout-a89b3969 wp-block-buttons-is-layout-flex\">\n<div class=\"wp-block-button animated bounceIn is-style-fill\"><a class=\"wp-block-button__link has-ti-bg-color has-text-color has-background has-link-color has-small-font-size has-custom-font-size wp-element-button\" href=\"https:\/\/www.pierrecaner.com\/index.php\/musique-de-chambre\/\" style=\"border-style:none;border-width:0px;border-radius:30px;background-color:#662002;padding-top:var(--wp--preset--spacing--20);padding-right:var(--wp--preset--spacing--40);padding-bottom:var(--wp--preset--spacing--20);padding-left:var(--wp--preset--spacing--40)\">musique de chambre<\/a><\/div>\n<\/div>\n\n\n\n<div style=\"height:14px\" aria-hidden=\"true\" class=\"wp-block-spacer\"><\/div>\n\n\n\n<p class=\"has-small-font-size\" style=\"margin-top:0;margin-bottom:0;padding-top:0;padding-bottom:0\">ou cliquez sur une <br>des cat\u00e9gories ci-dessous<\/p>\n\n\n\n<div style=\"height:14px\" aria-hidden=\"true\" class=\"wp-block-spacer\"><\/div>\n<\/div>\n\n\n\n<div class=\"wp-block-buttons has-custom-font-size has-small-font-size is-content-justification-center is-layout-flex wp-container-core-buttons-is-layout-480523f0 wp-block-buttons-is-layout-flex\" style=\"margin-top:0;margin-bottom:0;padding-top:0;padding-bottom:0\">\n<div class=\"wp-block-button has-custom-width wp-block-button__width-75 is-style-fill\"><a class=\"wp-block-button__link has-background wp-element-button\" href=\"https:\/\/www.pierrecaner.com\/index.php\/category\/chambre\/cordes\/\" style=\"border-style:none;border-width:0px;border-radius:91px;background-color:#ca9449;padding-top:var(--wp--preset--spacing--20);padding-bottom:var(--wp--preset--spacing--20)\">cordes<\/a><\/div>\n\n\n\n<div class=\"wp-block-button has-custom-width wp-block-button__width-75 is-style-fill\"><a class=\"wp-block-button__link has-background wp-element-button\" href=\"https:\/\/www.pierrecaner.com\/index.php\/category\/chambre\/bois\/\" style=\"border-style:none;border-width:0px;border-radius:79px;background-color:#c97e14;padding-top:var(--wp--preset--spacing--20);padding-bottom:var(--wp--preset--spacing--20)\">bois<\/a><\/div>\n\n\n\n<div class=\"wp-block-button has-custom-width wp-block-button__width-75 is-style-fill\"><a class=\"wp-block-button__link has-background wp-element-button\" href=\"https:\/\/www.pierrecaner.com\/index.php\/category\/chambre\/cuivres\/\" style=\"border-style:none;border-width:0px;border-radius:79px;background-color:#b06702;padding-top:var(--wp--preset--spacing--20);padding-bottom:var(--wp--preset--spacing--20)\">cuivres<\/a><\/div>\n\n\n\n<div class=\"wp-block-button has-custom-width wp-block-button__width-75\"><a class=\"wp-block-button__link has-background wp-element-button\" href=\"https:\/\/www.pierrecaner.com\/index.php\/category\/chambre\/chambre_piano\/\" style=\"border-style:none;border-width:0px;border-radius:68px;background-color:#824d02;padding-top:var(--wp--preset--spacing--20);padding-bottom:var(--wp--preset--spacing--20)\">piano<\/a><\/div>\n<\/div>\n<\/div><\/div><\/div>\n<\/div>\n<\/div>\n\n\n\n<figure class=\"wp-block-image size-large\"><img loading=\"lazy\" decoding=\"async\" width=\"1024\" height=\"681\" src=\"https:\/\/www.pierrecaner.com\/wp-content\/uploads\/2025\/10\/PIERRE-2025_CCL7332-1024x681.jpg\" alt=\"\" class=\"wp-image-1268\" srcset=\"https:\/\/www.pierrecaner.com\/wp-content\/uploads\/2025\/10\/PIERRE-2025_CCL7332-1024x681.jpg 1024w, https:\/\/www.pierrecaner.com\/wp-content\/uploads\/2025\/10\/PIERRE-2025_CCL7332-300x200.jpg 300w, https:\/\/www.pierrecaner.com\/wp-content\/uploads\/2025\/10\/PIERRE-2025_CCL7332-768x511.jpg 768w, https:\/\/www.pierrecaner.com\/wp-content\/uploads\/2025\/10\/PIERRE-2025_CCL7332-1536x1022.jpg 1536w, https:\/\/www.pierrecaner.com\/wp-content\/uploads\/2025\/10\/PIERRE-2025_CCL7332-2048x1363.jpg 2048w\" sizes=\"auto, (max-width: 1024px) 100vw, 1024px\" \/><\/figure>\n\n\n\n<p class=\"has-text-align-right has-small-font-size\" style=\"margin-top:0;margin-bottom:0;padding-top:0;padding-bottom:0\"><em><em><em>\u00a9 photo by <a href=\"https:\/\/www.instagram.com\/by_ccil?utm_source=qr&amp;igsh=ZDcxZmZ4d2Vydmhv\" target=\"_blank\" rel=\"noreferrer noopener\">Ccil<\/a><\/em><\/em><\/em><\/p>\n\n\n\n<div class=\"wp-block-group is-layout-constrained wp-block-group-is-layout-constrained\">\n<h6 class=\"wp-block-heading has-ti-bg-alt-color has-text-color has-link-color wp-elements-0cc099a6e1cf59ea1fe188c7e1cec889\" id=\"choeur\" style=\"margin-top:0;margin-bottom:0;padding-top:0;padding-bottom:0\">choeur<\/h6>\n\n\n\n<div id=\"wp-block-themeisle-blocks-flip-1c78ea23\" class=\"wp-block-themeisle-blocks-flip anim flipY has-light-back-bg  has-dark-front-bg\"><div class=\"o-flip-inner\"><div class=\"o-flip-front\"><div class=\"o-flip-content\"><h3>Musique pour ch\u0153ur<\/h3><p>Pr\u00e9sentation des \u0153uvres pour diff\u00e9rents types de ch\u0153urs : <br>ch\u0153ur mixte, choeur d&rsquo;enfants, ch\u0153ur de femmes,<br>a cappella, accompagn\u00e9, &#8230;<\/p><\/div><\/div><div class=\"o-flip-back\">\n<h3 class=\"wp-block-heading\">Musique pour ch\u0153ur<\/h3>\n\n\n\n<p>S\u00e9lectionnez le type de ch\u0153ur que vous souhaitez&#8230;<br><\/p>\n\n\n\n<div class=\"wp-block-columns is-layout-flex wp-container-core-columns-is-layout-1ec2ec05 wp-block-columns-is-layout-flex\" style=\"margin-top:0;margin-bottom:0;padding-top:0;padding-right:0;padding-bottom:0;padding-left:0\">\n<div class=\"wp-block-column is-vertically-aligned-center is-layout-flow wp-block-column-is-layout-flow\">\n<div class=\"wp-block-buttons is-content-justification-center is-layout-flex wp-container-core-buttons-is-layout-6da3283a wp-block-buttons-is-layout-flex\" style=\"border-style:none;border-width:0px;border-radius:100px;margin-top:0;margin-bottom:0;padding-top:0;padding-bottom:0\">\n<div class=\"wp-block-button is-style-outline is-style-outline--1\"><a class=\"wp-block-button__link has-ti-bg-color has-text-color has-background has-link-color has-text-align-center wp-element-button\" href=\"#mixte\" style=\"border-style:none;border-width:0px;border-radius:50px;background-color:#067397;padding-right:var(--wp--preset--spacing--50);padding-left:var(--wp--preset--spacing--50)\">choeur mixte<\/a><\/div>\n\n\n\n<div class=\"wp-block-button is-style-outline is-style-outline--2\"><a class=\"wp-block-button__link has-ti-bg-color has-text-color has-background has-link-color has-text-align-center wp-element-button\" href=\"#enfants\" style=\"border-style:none;border-width:0px;border-radius:63px;background-color:#035875;padding-right:var(--wp--preset--spacing--50);padding-left:var(--wp--preset--spacing--50)\">choeur d&rsquo;enfants<\/a><\/div>\n\n\n\n<div class=\"wp-block-button is-style-outline is-style-outline--3\"><a class=\"wp-block-button__link has-ti-bg-color has-text-color has-background has-link-color wp-element-button\" href=\"#femmes\" style=\"border-style:none;border-width:0px;border-radius:52px;background-color:#03485e;padding-right:var(--wp--preset--spacing--50);padding-left:var(--wp--preset--spacing--50)\">choeur de femmes<\/a><\/div>\n<\/div>\n<\/div>\n<\/div>\n\n\n\n<div style=\"height:28px\" aria-hidden=\"true\" class=\"wp-block-spacer\"><\/div>\n\n\n\n<div class=\"wp-block-buttons is-content-justification-center is-layout-flex wp-container-core-buttons-is-layout-a89b3969 wp-block-buttons-is-layout-flex\">\n<div class=\"wp-block-button is-style-fill\"><a class=\"wp-block-button__link has-background has-fraunces-font-family has-small-font-size has-text-align-right has-custom-font-size wp-element-button\" href=\"#catalogue\" style=\"border-style:none;border-width:0px;border-radius:55px;background-color:#662002;padding-top:0;padding-right:var(--wp--preset--spacing--50);padding-bottom:0;padding-left:var(--wp--preset--spacing--50)\"><em>retour au catalogue<\/em><\/a><\/div>\n<\/div>\n<\/div><\/div><\/div>\n<\/div>\n\n\n\n<figure class=\"wp-block-image size-large\"><img loading=\"lazy\" decoding=\"async\" width=\"1024\" height=\"681\" src=\"https:\/\/www.pierrecaner.com\/wp-content\/uploads\/2025\/10\/PIERRE-2025_CCL7174-1024x681.jpg\" alt=\"\" class=\"wp-image-1252\" srcset=\"https:\/\/www.pierrecaner.com\/wp-content\/uploads\/2025\/10\/PIERRE-2025_CCL7174-1024x681.jpg 1024w, https:\/\/www.pierrecaner.com\/wp-content\/uploads\/2025\/10\/PIERRE-2025_CCL7174-300x200.jpg 300w, https:\/\/www.pierrecaner.com\/wp-content\/uploads\/2025\/10\/PIERRE-2025_CCL7174-768x511.jpg 768w, https:\/\/www.pierrecaner.com\/wp-content\/uploads\/2025\/10\/PIERRE-2025_CCL7174-1536x1022.jpg 1536w, https:\/\/www.pierrecaner.com\/wp-content\/uploads\/2025\/10\/PIERRE-2025_CCL7174-2048x1363.jpg 2048w\" sizes=\"auto, (max-width: 1024px) 100vw, 1024px\" \/><\/figure>\n\n\n\n<p class=\"has-text-align-right has-small-font-size\" style=\"margin-top:0;margin-bottom:0;padding-top:0;padding-bottom:0\"><em><em><em>\u00a9 photo by <a href=\"https:\/\/www.instagram.com\/by_ccil?utm_source=qr&amp;igsh=ZDcxZmZ4d2Vydmhv\" target=\"_blank\" rel=\"noreferrer noopener\">Ccil<\/a><\/em><\/em><\/em><\/p>\n\n\n\n<div class=\"wp-block-group is-layout-constrained wp-block-group-is-layout-constrained\">\n<h6 class=\"wp-block-heading has-ti-bg-alt-color has-text-color has-link-color wp-elements-28470e14ede9dbbe6da054a1c3ac44c8\" id=\"mixte\">mixte<\/h6>\n\n\n\n<div id=\"wp-block-themeisle-blocks-flip-26ec2fd1\" class=\"wp-block-themeisle-blocks-flip anim flipY has-light-back-bg  has-dark-front-bg\"><div class=\"o-flip-inner\"><div class=\"o-flip-front\"><div class=\"o-flip-content\"><h3>Choeur mixte<\/h3><p>Pr\u00e9sentation des diff\u00e9rentes oeuvres pour choeur mixte :<br>a capella, accompagn\u00e9es au piano ou \u00e0 l&rsquo;orchestre&#8230;<\/p><\/div><\/div><div class=\"o-flip-back\">\n<h2 class=\"wp-block-heading has-fraunces-font-family\">Choeur mixte<\/h2>\n\n\n\n<p>Pi\u00e8ces pour choeur mixte \u00e0 4 ou 5 voix, <br>a cappella ou avec accompagnement pour piano ou orchestre&#8230;<br><\/p>\n\n\n\n<div class=\"wp-block-group is-layout-constrained wp-block-group-is-layout-constrained\">\n<div class=\"wp-block-buttons is-content-justification-center is-layout-flex wp-container-core-buttons-is-layout-a89b3969 wp-block-buttons-is-layout-flex\">\n<div class=\"wp-block-button is-style-fill\"><a class=\"wp-block-button__link has-background wp-element-button\" href=\"https:\/\/www.pierrecaner.com\/index.php\/category\/vocal\/choeur\/choeur_mixte\/mixte_a_cappella\/\" style=\"border-style:none;border-width:0px;border-radius:100px;background-color:#9d3b3b\">a cappella<\/a><\/div>\n\n\n\n<div class=\"wp-block-button is-style-fill\"><a class=\"wp-block-button__link has-background wp-element-button\" href=\"https:\/\/www.pierrecaner.com\/index.php\/category\/vocal\/choeur\/choeur_mixte\/mixte_accomp\/\" style=\"border-style:none;border-width:0px;border-radius:90px;background-color:#760c0c\">accompagn\u00e9<\/a><\/div>\n<\/div>\n\n\n\n<div class=\"wp-block-buttons is-content-justification-center is-layout-flex wp-container-core-buttons-is-layout-a89b3969 wp-block-buttons-is-layout-flex\">\n<div class=\"wp-block-button is-style-fill\"><a class=\"wp-block-button__link has-background has-fraunces-font-family has-small-font-size has-custom-font-size wp-element-button\" href=\"#choeur\" style=\"border-style:none;border-width:0px;border-radius:25px;background-color:#184a67;padding-top:0;padding-right:var(--wp--preset--spacing--50);padding-bottom:0;padding-left:var(--wp--preset--spacing--50)\"><em>retour musique pour ch\u0153ur<\/em><\/a><\/div>\n\n\n\n<div class=\"wp-block-button is-style-fill\"><a class=\"wp-block-button__link has-background has-fraunces-font-family has-small-font-size has-custom-font-size wp-element-button\" href=\"#catalogue\" style=\"border-style:none;border-width:0px;border-radius:25px;background-color:#023242;padding-top:0;padding-right:var(--wp--preset--spacing--50);padding-bottom:0;padding-left:var(--wp--preset--spacing--50)\"><em>retour au catalogue<\/em><\/a><\/div>\n<\/div>\n<\/div>\n<\/div><\/div><\/div>\n<\/div>\n\n\n\n<figure class=\"wp-block-image size-large\"><img loading=\"lazy\" decoding=\"async\" width=\"1024\" height=\"681\" src=\"https:\/\/www.pierrecaner.com\/wp-content\/uploads\/2025\/10\/PIERRE-2025_CCL7224-1024x681.jpg\" alt=\"\" class=\"wp-image-1441\" srcset=\"https:\/\/www.pierrecaner.com\/wp-content\/uploads\/2025\/10\/PIERRE-2025_CCL7224-1024x681.jpg 1024w, https:\/\/www.pierrecaner.com\/wp-content\/uploads\/2025\/10\/PIERRE-2025_CCL7224-300x200.jpg 300w, https:\/\/www.pierrecaner.com\/wp-content\/uploads\/2025\/10\/PIERRE-2025_CCL7224-768x511.jpg 768w, https:\/\/www.pierrecaner.com\/wp-content\/uploads\/2025\/10\/PIERRE-2025_CCL7224-1536x1022.jpg 1536w, https:\/\/www.pierrecaner.com\/wp-content\/uploads\/2025\/10\/PIERRE-2025_CCL7224-2048x1363.jpg 2048w\" sizes=\"auto, (max-width: 1024px) 100vw, 1024px\" \/><\/figure>\n\n\n\n<p class=\"has-text-align-right has-small-font-size\" style=\"margin-top:0;margin-bottom:0;padding-top:0;padding-bottom:0\"><em><em><em>\u00a9 photo by <a href=\"https:\/\/www.instagram.com\/by_ccil?utm_source=qr&amp;igsh=ZDcxZmZ4d2Vydmhv\" target=\"_blank\" rel=\"noreferrer noopener\">Ccil<\/a><\/em><\/em><\/em><\/p>\n\n\n\n<div class=\"wp-block-group is-layout-constrained wp-block-group-is-layout-constrained\">\n<h6 class=\"wp-block-heading has-ti-bg-alt-color has-text-color has-link-color wp-elements-13cc2aa16d9509eec44839d003ff3302\" id=\"enfants\">enfants<\/h6>\n\n\n\n<div id=\"wp-block-themeisle-blocks-flip-d2e7e6c9\" class=\"wp-block-themeisle-blocks-flip anim flipY has-light-back-bg  has-dark-front-bg\"><div class=\"o-flip-inner\"><div class=\"o-flip-front\"><div class=\"o-flip-content\"><h3>Choeur d&rsquo;enfants<\/h3><p>Pr\u00e9sentation des diff\u00e9rentes oeuvres avec choeur d&rsquo;enfants :<br>accompagn\u00e9es au piano ou \u00e0 l&rsquo;orchestre&#8230;<\/p><\/div><\/div><div class=\"o-flip-back\">\n<h2 class=\"wp-block-heading has-fraunces-font-family\">Choeur d&rsquo;enfants<\/h2>\n\n\n\n<p>Pi\u00e8ces pour ou avec choeur d&rsquo;enfants<br><\/p>\n\n\n\n<div class=\"wp-block-group is-layout-constrained wp-block-group-is-layout-constrained\">\n<div class=\"wp-block-buttons is-content-justification-center is-layout-flex wp-container-core-buttons-is-layout-a89b3969 wp-block-buttons-is-layout-flex\">\n<div class=\"wp-block-button is-style-fill\"><a class=\"wp-block-button__link has-background wp-element-button\" href=\"https:\/\/www.pierrecaner.com\/index.php\/category\/vocal\/choeur\/choeur_enfants\/enfants_avec_piano\" style=\"border-style:none;border-width:0px;border-radius:25px;background-color:#9d3b3b\">avec piano<\/a><\/div>\n\n\n\n<div class=\"wp-block-button is-style-fill\"><a class=\"wp-block-button__link has-background wp-element-button\" href=\"https:\/\/www.pierrecaner.com\/index.php\/category\/vocal\/choeur\/choeur_enfants\/enfants_avec_orch\" style=\"border-style:none;border-width:0px;border-radius:25px;background-color:#9d3b3b\">avec orchestre<\/a><\/div>\n<\/div>\n\n\n\n<div class=\"wp-block-buttons is-content-justification-center is-layout-flex wp-container-core-buttons-is-layout-a89b3969 wp-block-buttons-is-layout-flex\">\n<div class=\"wp-block-button is-style-fill\"><a class=\"wp-block-button__link has-background has-fraunces-font-family has-small-font-size has-custom-font-size wp-element-button\" href=\"#choeur\" style=\"border-style:none;border-width:0px;border-radius:25px;background-color:#184a67;padding-top:0;padding-right:var(--wp--preset--spacing--50);padding-bottom:0;padding-left:var(--wp--preset--spacing--50)\"><em>retour musique pour ch\u0153ur<\/em><\/a><\/div>\n\n\n\n<div class=\"wp-block-button is-style-fill\"><a class=\"wp-block-button__link has-background has-fraunces-font-family has-small-font-size has-custom-font-size wp-element-button\" href=\"#catalogue\" style=\"border-style:none;border-width:0px;border-radius:25px;background-color:#023242;padding-top:0;padding-right:var(--wp--preset--spacing--50);padding-bottom:0;padding-left:var(--wp--preset--spacing--50)\"><em>retour au catalogue<\/em><\/a><\/div>\n<\/div>\n<\/div>\n<\/div><\/div><\/div>\n<\/div>\n\n\n\n<figure class=\"wp-block-image size-large\"><img loading=\"lazy\" decoding=\"async\" width=\"1024\" height=\"681\" src=\"https:\/\/www.pierrecaner.com\/wp-content\/uploads\/2025\/10\/PIERRE-2025_CCL7321-1024x681.jpg\" alt=\"\" class=\"wp-image-1271\" srcset=\"https:\/\/www.pierrecaner.com\/wp-content\/uploads\/2025\/10\/PIERRE-2025_CCL7321-1024x681.jpg 1024w, https:\/\/www.pierrecaner.com\/wp-content\/uploads\/2025\/10\/PIERRE-2025_CCL7321-300x200.jpg 300w, https:\/\/www.pierrecaner.com\/wp-content\/uploads\/2025\/10\/PIERRE-2025_CCL7321-768x511.jpg 768w, https:\/\/www.pierrecaner.com\/wp-content\/uploads\/2025\/10\/PIERRE-2025_CCL7321-1536x1022.jpg 1536w, https:\/\/www.pierrecaner.com\/wp-content\/uploads\/2025\/10\/PIERRE-2025_CCL7321-2048x1363.jpg 2048w\" sizes=\"auto, (max-width: 1024px) 100vw, 1024px\" \/><\/figure>\n\n\n\n<p class=\"has-text-align-right has-small-font-size\" style=\"margin-top:0;margin-bottom:0;padding-top:0;padding-bottom:0\"><em><em><em>\u00a9 photo by <a href=\"https:\/\/www.instagram.com\/by_ccil?utm_source=qr&amp;igsh=ZDcxZmZ4d2Vydmhv\" target=\"_blank\" rel=\"noreferrer noopener\">Ccil<\/a><\/em><\/em><\/em><\/p>\n\n\n\n<div class=\"wp-block-group is-layout-constrained wp-block-group-is-layout-constrained\">\n<h6 class=\"wp-block-heading has-ti-bg-alt-color has-text-color has-link-color wp-elements-5d38353b0afafa11377e23557a2e4c66\" id=\"femmes\">femmes<\/h6>\n\n\n\n<div id=\"wp-block-themeisle-blocks-flip-55c8849e\" class=\"wp-block-themeisle-blocks-flip anim flipY has-light-back-bg  has-dark-front-bg\"><div class=\"o-flip-inner\"><div class=\"o-flip-front\"><div class=\"o-flip-content\"><h3>Choeur de femmes<\/h3><p>Pr\u00e9sentation des diff\u00e9rentes oeuvres avec choeur de femmes&#8230;<\/p><\/div><\/div><div class=\"o-flip-back\">\n<h2 class=\"wp-block-heading has-fraunces-font-family\">Choeur de femmes<\/h2>\n\n\n\n<p>Pi\u00e8ces pour choeur de femmes<br><\/p>\n\n\n\n<div class=\"wp-block-group is-layout-constrained wp-block-group-is-layout-constrained\">\n<div class=\"wp-block-buttons is-content-justification-center is-layout-flex wp-container-core-buttons-is-layout-a89b3969 wp-block-buttons-is-layout-flex\">\n\n\n<div class=\"wp-block-button is-style-fill\"><a class=\"wp-block-button__link has-background wp-element-button\" href=\"https:\/\/www.pierrecaner.com\/index.php\/category\/vocal\/choeur\/choeur_femmes\/femmes_avec_piano\" style=\"border-style:none;border-width:0px;border-radius:25px;background-color:#9d3b3b\">avec piano<\/a><\/div>\n<\/div>\n\n\n\n<div class=\"wp-block-buttons is-content-justification-center is-layout-flex wp-container-core-buttons-is-layout-a89b3969 wp-block-buttons-is-layout-flex\">\n<div class=\"wp-block-button is-style-fill\"><a class=\"wp-block-button__link has-background has-fraunces-font-family has-small-font-size has-custom-font-size wp-element-button\" href=\"#choeur\" style=\"border-style:none;border-width:0px;border-radius:25px;background-color:#184a67;padding-top:0;padding-right:var(--wp--preset--spacing--50);padding-bottom:0;padding-left:var(--wp--preset--spacing--50)\"><em>retour musique pour ch\u0153ur<\/em><\/a><\/div>\n\n\n\n<div class=\"wp-block-button is-style-fill\"><a class=\"wp-block-button__link has-background has-fraunces-font-family has-small-font-size has-custom-font-size wp-element-button\" href=\"#catalogue\" style=\"border-style:none;border-width:0px;border-radius:25px;background-color:#023242;padding-top:0;padding-right:var(--wp--preset--spacing--50);padding-bottom:0;padding-left:var(--wp--preset--spacing--50)\"><em>retour au catalogue<\/em><\/a><\/div>\n<\/div>\n<\/div>\n<\/div><\/div><\/div>\n<\/div>\n\n\n\n<figure class=\"wp-block-image size-large\"><img loading=\"lazy\" decoding=\"async\" width=\"2560\" height=\"1439\" src=\"https:\/\/www.pierrecaner.com\/wp-content\/uploads\/2025\/10\/PIERRE-2025_CCL7180-edited-scaled.jpg\" alt=\"\" class=\"wp-image-1436\" srcset=\"https:\/\/www.pierrecaner.com\/wp-content\/uploads\/2025\/10\/PIERRE-2025_CCL7180-edited-scaled.jpg 2560w, https:\/\/www.pierrecaner.com\/wp-content\/uploads\/2025\/10\/PIERRE-2025_CCL7180-edited-300x169.jpg 300w, https:\/\/www.pierrecaner.com\/wp-content\/uploads\/2025\/10\/PIERRE-2025_CCL7180-edited-1024x576.jpg 1024w, https:\/\/www.pierrecaner.com\/wp-content\/uploads\/2025\/10\/PIERRE-2025_CCL7180-edited-768x432.jpg 768w, https:\/\/www.pierrecaner.com\/wp-content\/uploads\/2025\/10\/PIERRE-2025_CCL7180-edited-1536x863.jpg 1536w, https:\/\/www.pierrecaner.com\/wp-content\/uploads\/2025\/10\/PIERRE-2025_CCL7180-edited-2048x1151.jpg 2048w\" sizes=\"auto, (max-width: 2560px) 100vw, 2560px\" \/><\/figure>\n\n\n\n<p class=\"has-text-align-right has-ti-bg-inv-color has-text-color has-link-color has-small-font-size wp-elements-f0827bc6072d68a8999a7513927a9017\" style=\"margin-top:0;margin-bottom:0;padding-top:0;padding-bottom:0\"><em><em><em>\u00a9 photo by <a href=\"https:\/\/www.instagram.com\/by_ccil?utm_source=qr&amp;igsh=ZDcxZmZ4d2Vydmhv\" target=\"_blank\" rel=\"noreferrer noopener\">Ccil<\/a><\/em><\/em><\/em><\/p>\n\n\n\n<div class=\"wp-block-group is-layout-constrained wp-block-group-is-layout-constrained\">\n<h6 class=\"wp-block-heading has-text-align-center has-ti-bg-alt-color has-text-color has-link-color has-fraunces-font-family wp-elements-5abe2e4e8ec4d3329df944926078fe68\" id=\"soliste\">Musique pour soliste<\/h6>\n\n\n\n<div id=\"wp-block-themeisle-blocks-flip-87b2a308\" class=\"wp-block-themeisle-blocks-flip anim flipY has-dark-front-bg has-dark-back-bg\"><div class=\"o-flip-inner\"><div class=\"o-flip-front\"><div class=\"o-flip-content\"><h3>Musique pour soliste<\/h3><p>M\u00e9lodies pour voix solo, pi\u00e8ces avec soliste&#8230;<\/p><\/div><\/div><div class=\"o-flip-back\">\n<h2 class=\"wp-block-heading has-fraunces-font-family\">Soliste<\/h2>\n\n\n\n<p><\/p>\n\n\n\n<div class=\"wp-block-group is-layout-constrained wp-block-group-is-layout-constrained\">\n<div class=\"wp-block-buttons is-content-justification-center is-layout-flex wp-container-core-buttons-is-layout-a89b3969 wp-block-buttons-is-layout-flex\">\n<div class=\"wp-block-button is-style-fill\"><a class=\"wp-block-button__link has-background wp-element-button\" href=\"https:\/\/www.pierrecaner.com\/index.php\/category\/vocal\/soliste\/soprano\/\" style=\"border-style:none;border-width:0px;border-radius:100px;background-color:#9d3b3b;padding-top:var(--wp--preset--spacing--30);padding-right:var(--wp--preset--spacing--50);padding-bottom:var(--wp--preset--spacing--30);padding-left:var(--wp--preset--spacing--50)\">soprano<\/a><\/div>\n\n\n\n<div class=\"wp-block-button is-style-fill\"><a class=\"wp-block-button__link has-background wp-element-button\" href=\"https:\/\/www.pierrecaner.com\/index.php\/category\/vocal\/soliste\/mezzo\/\" style=\"border-style:none;border-width:0px;border-radius:100px;background-color:#9d3b3b;padding-top:var(--wp--preset--spacing--30);padding-right:var(--wp--preset--spacing--50);padding-bottom:var(--wp--preset--spacing--30);padding-left:var(--wp--preset--spacing--50)\">mezzo<\/a><\/div>\n\n\n\n<div class=\"wp-block-button is-style-fill\"><a class=\"wp-block-button__link has-background wp-element-button\" href=\"https:\/\/www.pierrecaner.com\/index.php\/category\/vocal\/soliste\/baryton\/\" style=\"border-style:none;border-width:0px;border-radius:100px;background-color:#9d3b3b;padding-top:var(--wp--preset--spacing--30);padding-right:var(--wp--preset--spacing--50);padding-bottom:var(--wp--preset--spacing--30);padding-left:var(--wp--preset--spacing--50)\">baryton<\/a><\/div>\n\n\n\n<div class=\"wp-block-button is-style-fill\"><a class=\"wp-block-button__link has-background wp-element-button\" href=\"https:\/\/www.pierrecaner.com\/index.php\/category\/vocal\/soliste\/enfant\/\" style=\"border-style:none;border-width:0px;border-radius:100px;background-color:#9d3b3b;padding-top:var(--wp--preset--spacing--30);padding-right:var(--wp--preset--spacing--50);padding-bottom:var(--wp--preset--spacing--30);padding-left:var(--wp--preset--spacing--50)\">enfant<\/a><\/div>\n<\/div>\n\n\n\n<div class=\"wp-block-buttons is-content-justification-center is-layout-flex wp-container-core-buttons-is-layout-a89b3969 wp-block-buttons-is-layout-flex\">\n<div class=\"wp-block-button is-style-fill\"><a class=\"wp-block-button__link has-background has-fraunces-font-family has-small-font-size has-custom-font-size wp-element-button\" href=\"#choeur\" style=\"border-style:none;border-width:0px;border-radius:25px;background-color:#184a67;padding-top:0;padding-right:var(--wp--preset--spacing--50);padding-bottom:0;padding-left:var(--wp--preset--spacing--50)\"><em>retour musique pour ch\u0153ur<\/em><\/a><\/div>\n\n\n\n<div class=\"wp-block-button is-style-fill\"><a class=\"wp-block-button__link has-background has-fraunces-font-family has-small-font-size has-custom-font-size wp-element-button\" href=\"#catalogue\" style=\"border-style:none;border-width:0px;border-radius:25px;background-color:#023242;padding-top:0;padding-right:var(--wp--preset--spacing--50);padding-bottom:0;padding-left:var(--wp--preset--spacing--50)\"><em>retour au catalogue<\/em><\/a><\/div>\n<\/div>\n<\/div>\n<\/div><\/div><\/div>\n<\/div>\n","protected":false},"excerpt":{"rendered":"<p>Pour d\u00e9couvrir l&rsquo;ensemble des compositions, cliquez sur le bouton catalogue complet, sur un des mots-cl\u00e9s ou explorez les cat\u00e9gories g\u00e9n\u00e9rales dans les menus \u00a9 photo by Ccil Explorez le catalogue&#8230; \u00a9 photo by Ccil choeur \u00a9 photo by Ccil mixte \u00a9 photo by Ccil enfants \u00a9 photo by Ccil femmes \u00a9 photo by Ccil Musique [&hellip;]<\/p>\n","protected":false},"author":1,"featured_media":0,"parent":0,"menu_order":0,"comment_status":"closed","ping_status":"closed","template":"","meta":{"_themeisle_gutenberg_block_has_review":false,"footnotes":""},"class_list":["post-137","page","type-page","status-publish","hentry"],"_links":{"self":[{"href":"https:\/\/www.pierrecaner.com\/index.php\/wp-json\/wp\/v2\/pages\/137","targetHints":{"allow":["GET"]}}],"collection":[{"href":"https:\/\/www.pierrecaner.com\/index.php\/wp-json\/wp\/v2\/pages"}],"about":[{"href":"https:\/\/www.pierrecaner.com\/index.php\/wp-json\/wp\/v2\/types\/page"}],"author":[{"embeddable":true,"href":"https:\/\/www.pierrecaner.com\/index.php\/wp-json\/wp\/v2\/users\/1"}],"replies":[{"embeddable":true,"href":"https:\/\/www.pierrecaner.com\/index.php\/wp-json\/wp\/v2\/comments?post=137"}],"version-history":[{"count":189,"href":"https:\/\/www.pierrecaner.com\/index.php\/wp-json\/wp\/v2\/pages\/137\/revisions"}],"predecessor-version":[{"id":1671,"href":"https:\/\/www.pierrecaner.com\/index.php\/wp-json\/wp\/v2\/pages\/137\/revisions\/1671"}],"wp:attachment":[{"href":"https:\/\/www.pierrecaner.com\/index.php\/wp-json\/wp\/v2\/media?parent=137"}],"curies":[{"name":"wp","href":"https:\/\/api.w.org\/{rel}","templated":true}]}}