{"id":1186,"date":"2025-10-04T14:31:42","date_gmt":"2025-10-04T12:31:42","guid":{"rendered":"https:\/\/www.pierrecaner.com\/?page_id=1186"},"modified":"2025-10-04T21:24:22","modified_gmt":"2025-10-04T19:24:22","slug":"catalogue-complet","status":"publish","type":"page","link":"https:\/\/www.pierrecaner.com\/index.php\/catalogue-complet\/","title":{"rendered":"Catalogue complet"},"content":{"rendered":"\n<p>Ensemble des pi\u00e8ces, pr\u00e9sent\u00e9es de la plus r\u00e9cente \u00e0 la plus ancienne sans distinction de cat\u00e9gorie d&rsquo;\u0153uvre.<\/p>\n\n\n<div class=\"is-style-tiled has-light-bg wp-block-themeisle-blocks-posts-grid\" id=\"wp-block-themeisle-blocks-posts-grid-c08175ac\"><div class=\"is-grid o-posts-grid-columns-3\"><div class=\"o-posts-grid-post-blog o-posts-grid-post-plain\" style=\"background-image: url(https:\/\/www.pierrecaner.com\/wp-content\/uploads\/2025\/10\/Feuille-dautomne-e1760976340312.jpg); background-size: cover; background-position: center center;\"><div class=\"o-posts-grid-post\"><div class=\"o-posts-grid-post-body\"><span class=\"o-posts-grid-post-category\"><a href=\"https:\/\/www.pierrecaner.com\/index.php\/category\/vocal\/soliste\/soprano\/soprano_piano\/\">avec piano<\/a><\/span><h4 class=\"o-posts-grid-post-title\"><a href=\"https:\/\/www.pierrecaner.com\/index.php\/2025\/matin-doctobre\/\">Matin d&rsquo;octobre<\/a><\/h4><div class=\"o-posts-grid-post-description\"><p>M\u00e9lodie pour soprano avec piano sur un po\u00e8me de Fran\u00e7ois Copp\u00e9e (1842-1908) Matin d&rsquo;octobr\u2026<\/p><\/div><\/div><\/div><\/div><div class=\"o-posts-grid-post-blog o-posts-grid-post-plain\" style=\"background-image: url(https:\/\/www.pierrecaner.com\/wp-content\/uploads\/2025\/10\/Le-pelican_Gravure-dans-22Buffon-Alphabet-des-Oiseaux-n-122-1-e1760976521772.jpg); background-size: cover; background-position: center center;\"><div class=\"o-posts-grid-post\"><div class=\"o-posts-grid-post-body\"><span class=\"o-posts-grid-post-category\"><a href=\"https:\/\/www.pierrecaner.com\/index.php\/category\/vocal\/soliste\/soprano\/soprano_piano\/\">avec piano<\/a><\/span><h4 class=\"o-posts-grid-post-title\"><a href=\"https:\/\/www.pierrecaner.com\/index.php\/2025\/le-pelican\/\">Le P\u00e9lican<\/a><\/h4><div class=\"o-posts-grid-post-description\"><p>M\u00e9lodie pour soprano avec piano sur un po\u00e8me de Robert Desnos (1900-1945) Le P\u00e9lican Le Capitain\u2026<\/p><\/div><\/div><\/div><\/div><div class=\"o-posts-grid-post-blog o-posts-grid-post-plain\"><div class=\"o-posts-grid-post\"><div class=\"o-posts-grid-post-body is-full\"><span class=\"o-posts-grid-post-category\"><a href=\"https:\/\/www.pierrecaner.com\/index.php\/category\/orchestre\/\">orchestre<\/a><\/span><h4 class=\"o-posts-grid-post-title\"><a href=\"https:\/\/www.pierrecaner.com\/index.php\/2024\/__trashed\/\">E.I.K.<\/a><\/h4><div class=\"o-posts-grid-post-description\"><p>Pi\u00e8ce pour violoncelle solo, piano et orchestre Ann\u00e9e de composition : 2024 Dur\u00e9e : 4&rsquo;20 C\u2026<\/p><\/div><\/div><\/div><\/div><div class=\"o-posts-grid-post-blog o-posts-grid-post-plain\" style=\"background-image: url(https:\/\/www.pierrecaner.com\/wp-content\/uploads\/2025\/09\/L_paulin_portrait.jpg); background-size: cover; background-position: center center;\"><div class=\"o-posts-grid-post\"><div class=\"o-posts-grid-post-body\"><span class=\"o-posts-grid-post-category\"><a href=\"https:\/\/www.pierrecaner.com\/index.php\/category\/vocal\/choeur\/choeur_mixte\/mixte_accomp\/\">avec accompagnement<\/a><\/span><h4 class=\"o-posts-grid-post-title\"><a href=\"https:\/\/www.pierrecaner.com\/index.php\/2022\/la-ville-heureuse\/\">La Ville Heureuse<\/a><\/h4><div class=\"o-posts-grid-post-description\"><p>Pi\u00e8ce pour choeur mixte \u00e0 4 voix et orchestre \u00e0 cordes sur un po\u00e8me de Louisa Paulin (1888-1944)\u2026<\/p><\/div><\/div><\/div><\/div><div class=\"o-posts-grid-post-blog o-posts-grid-post-plain\" style=\"background-image: url(https:\/\/www.pierrecaner.com\/wp-content\/uploads\/2021\/09\/Statue_amazone-e1760975838799.jpg); background-size: cover; background-position: center center;\"><div class=\"o-posts-grid-post\"><div class=\"o-posts-grid-post-body\"><span class=\"o-posts-grid-post-category\"><a href=\"https:\/\/www.pierrecaner.com\/index.php\/category\/vocal\/soliste\/soprano\/soprano_piano\/\">avec piano<\/a><\/span><h4 class=\"o-posts-grid-post-title\"><a href=\"https:\/\/www.pierrecaner.com\/index.php\/2021\/lamazone\/\">L&rsquo;Amazone<\/a><\/h4><div class=\"o-posts-grid-post-description\"><p>M\u00e9lodie pour soprano avec piano Sur un po\u00e8me d&rsquo;Oc\u00e9lyane commande de la soprano, Delphine G\u2026<\/p><\/div><\/div><\/div><\/div><div class=\"o-posts-grid-post-blog o-posts-grid-post-plain\" style=\"background-image: url(https:\/\/www.pierrecaner.com\/wp-content\/uploads\/2025\/10\/Yeux-Charles_Le_Brun-1619-1690\u00a9-Musee-du-Louvre-dist.-GrandPalaisRmn-Laurent-Chastel-copie.jpg); background-size: cover; background-position: center center;\"><div class=\"o-posts-grid-post\"><div class=\"o-posts-grid-post-body\"><span class=\"o-posts-grid-post-category\"><a href=\"https:\/\/www.pierrecaner.com\/index.php\/category\/vocal\/soliste\/soprano\/soprano_piano\/\">avec piano<\/a><\/span><h4 class=\"o-posts-grid-post-title\"><a href=\"https:\/\/www.pierrecaner.com\/index.php\/2021\/tes-yeux\/\">Tes Yeux<\/a><\/h4><div class=\"o-posts-grid-post-description\"><p>M\u00e9lodie pour soprano avec piano Sur un po\u00e8me d&rsquo;Oc\u00e9lyane commande de la soprano, Delphine G\u2026<\/p><\/div><\/div><\/div><\/div><div class=\"o-posts-grid-post-blog o-posts-grid-post-plain\"><div class=\"o-posts-grid-post\"><div class=\"o-posts-grid-post-body is-full\"><span class=\"o-posts-grid-post-category\"><a href=\"https:\/\/www.pierrecaner.com\/index.php\/category\/vocal\/soliste\/soprano\/soprano_piano\/\">avec piano<\/a><\/span><h4 class=\"o-posts-grid-post-title\"><a href=\"https:\/\/www.pierrecaner.com\/index.php\/2021\/je-taime\/\">Je t&rsquo;aime<\/a><\/h4><div class=\"o-posts-grid-post-description\"><p>M\u00e9lodie pour soprano avec piano Sur un po\u00e8me d&rsquo;Oc\u00e9lyane commande de la soprano, Delphine G\u2026<\/p><\/div><\/div><\/div><\/div><div class=\"o-posts-grid-post-blog o-posts-grid-post-plain\" style=\"background-image: url(https:\/\/www.pierrecaner.com\/wp-content\/uploads\/2025\/07\/Petite_valse.jpg); background-size: cover; background-position: center center;\"><div class=\"o-posts-grid-post\"><div class=\"o-posts-grid-post-body\"><span class=\"o-posts-grid-post-category\"><a href=\"https:\/\/www.pierrecaner.com\/index.php\/category\/orchestre\/\">orchestre<\/a><\/span><h4 class=\"o-posts-grid-post-title\"><a href=\"https:\/\/www.pierrecaner.com\/index.php\/2020\/petite-valse-du-confinement\/\">Petite Valse du Confinement<\/a><\/h4><div class=\"o-posts-grid-post-description\"><p>Pi\u00e8ce symphonique pour grand orchestre virtuel Episode I, \u00e9pisode II et version symphonique Pi\u00e8c\u2026<\/p><\/div><\/div><\/div><\/div><div class=\"o-posts-grid-post-blog o-posts-grid-post-plain\" style=\"background-image: url(https:\/\/www.pierrecaner.com\/wp-content\/uploads\/2019\/05\/magnificat-M-V2-site.jpg); background-size: cover; background-position: center center;\"><div class=\"o-posts-grid-post\"><div class=\"o-posts-grid-post-body\"><span class=\"o-posts-grid-post-category\"><a href=\"https:\/\/www.pierrecaner.com\/index.php\/category\/vocal\/choeur\/choeur_mixte\/mixte_accomp\/\">avec accompagnement<\/a><\/span><h4 class=\"o-posts-grid-post-title\"><a href=\"https:\/\/www.pierrecaner.com\/index.php\/2019\/magnificat\/\">Magnificat<\/a><\/h4><div class=\"o-posts-grid-post-description\"><p>Pour deux sopranos, choeur d&rsquo;enfants, choeur mixte, orgue et orchestre Pi\u00e8ce nomm\u00e9e pour L\u2026<\/p><\/div><\/div><\/div><\/div><div class=\"o-posts-grid-post-blog o-posts-grid-post-plain\"><div class=\"o-posts-grid-post\"><div class=\"o-posts-grid-post-body is-full\"><span class=\"o-posts-grid-post-category\"><a href=\"https:\/\/www.pierrecaner.com\/index.php\/category\/vocal\/soliste\/mezzo\/mezzo_piano\/\">avec piano<\/a><\/span><h4 class=\"o-posts-grid-post-title\"><a href=\"https:\/\/www.pierrecaner.com\/index.php\/2017\/alternances\/\">Alternances<\/a><\/h4><div class=\"o-posts-grid-post-description\"><p>M\u00e9lodie pour mezzo-soprano avec piano sur une po\u00e9sie de Marie-Jos\u00e9 Caner d\u00e9di\u00e9e \u00e0 Nadia Yermani,\u2026<\/p><\/div><\/div><\/div><\/div><div class=\"o-posts-grid-post-blog o-posts-grid-post-plain\"><div class=\"o-posts-grid-post\"><div class=\"o-posts-grid-post-body is-full\"><span class=\"o-posts-grid-post-category\"><a href=\"https:\/\/www.pierrecaner.com\/index.php\/category\/vocal\/soliste\/mezzo\/mezzo_piano\/\">avec piano<\/a><\/span><h4 class=\"o-posts-grid-post-title\"><a href=\"https:\/\/www.pierrecaner.com\/index.php\/2017\/contrastes\/\">Contrastes<\/a><\/h4><div class=\"o-posts-grid-post-description\"><p>M\u00e9lodie pour mezzo-soprano avec piano sur une po\u00e9sie de Marie-Jos\u00e9 Caner d\u00e9di\u00e9e \u00e0 Nadia Yermani,\u2026<\/p><\/div><\/div><\/div><\/div><div class=\"o-posts-grid-post-blog o-posts-grid-post-plain\" style=\"background-image: url(https:\/\/www.pierrecaner.com\/wp-content\/uploads\/2017\/06\/Noire-Montagne-e1752346122411.jpg); background-size: cover; background-position: center center;\"><div class=\"o-posts-grid-post\"><div class=\"o-posts-grid-post-body\"><span class=\"o-posts-grid-post-category\"><a href=\"https:\/\/www.pierrecaner.com\/index.php\/category\/vocal\/choeur\/choeur_enfants\/enfants_avec_orch\/\">avec orchestre<\/a><\/span><h4 class=\"o-posts-grid-post-title\"><a href=\"https:\/\/www.pierrecaner.com\/index.php\/2017\/chemins-de-cocagne\/\">Chemins de Cocagne<\/a><\/h4><div class=\"o-posts-grid-post-description\"><p>Promenade tarnaise pour r\u00e9citant, solistes et choeur d\u2019enfants, piano et orchestre \u00e0 cordes Pi\u00e8c\u2026<\/p><\/div><\/div><\/div><\/div><div class=\"o-posts-grid-post-blog o-posts-grid-post-plain\" style=\"background-image: url(https:\/\/www.pierrecaner.com\/wp-content\/uploads\/2016\/12\/Shakespeare-site-e1752345107754.jpg); background-size: cover; background-position: center center;\"><div class=\"o-posts-grid-post\"><div class=\"o-posts-grid-post-body\"><span class=\"o-posts-grid-post-category\"><a href=\"https:\/\/www.pierrecaner.com\/index.php\/category\/vocal\/choeur\/choeur_mixte\/mixte_a_cappella\/\">a cappella<\/a><\/span><h4 class=\"o-posts-grid-post-title\"><a href=\"https:\/\/www.pierrecaner.com\/index.php\/2016\/trois-sonnets\/\">Trois sonnets<\/a><\/h4><div class=\"o-posts-grid-post-description\"><p>Trois pi\u00e8ces pour choeur mixte a cappella Pi\u00e8ces compos\u00e9es sur des sonnets de William Shakespear\u2026<\/p><\/div><\/div><\/div><\/div><div class=\"o-posts-grid-post-blog o-posts-grid-post-plain\" style=\"background-image: url(https:\/\/www.pierrecaner.com\/wp-content\/uploads\/2025\/07\/Frise.png); background-size: cover; background-position: center center;\"><div class=\"o-posts-grid-post\"><div class=\"o-posts-grid-post-body\"><span class=\"o-posts-grid-post-category\"><a href=\"https:\/\/www.pierrecaner.com\/index.php\/category\/vocal\/choeur\/choeur_mixte\/mixte_a_cappella\/\">a cappella<\/a><\/span><h4 class=\"o-posts-grid-post-title\"><a href=\"https:\/\/www.pierrecaner.com\/index.php\/2016\/those-lips-that-loves\/\">\u201cThose lips that Love\u2019s&#8230;\u201d<\/a><\/h4><div class=\"o-posts-grid-post-description\"><p>Pi\u00e8ce pour choeur mixte a cappella Sur le sonnet CXLV de William Shakespeare\u00ab Those lips that Lo\u2026<\/p><\/div><\/div><\/div><\/div><div class=\"o-posts-grid-post-blog o-posts-grid-post-plain\" style=\"background-image: url(https:\/\/www.pierrecaner.com\/wp-content\/uploads\/2016\/06\/Marceline-DESBORDES_VALMORE-e1752337096832.jpg); background-size: cover; background-position: center center;\"><div class=\"o-posts-grid-post\"><div class=\"o-posts-grid-post-body\"><span class=\"o-posts-grid-post-category\"><a href=\"https:\/\/www.pierrecaner.com\/index.php\/category\/vocal\/choeur\/choeur_femmes\/femmes_avec_piano\/\">avec piano<\/a><\/span><h4 class=\"o-posts-grid-post-title\"><a href=\"https:\/\/www.pierrecaner.com\/index.php\/2016\/aveu-dune-femme\/\">Aveu d&rsquo;une Femme<\/a><\/h4><div class=\"o-posts-grid-post-description\"><p>Pi\u00e8ce pour choeur de femmes Compos\u00e9e sur une po\u00e9sie de Marceline Desbordes-Valmore (1786 &#8211;\u2026<\/p><\/div><\/div><\/div><\/div><\/div> <div class=\"o-posts-grid-pag\"><span aria-current=\"page\" class=\"page-numbers current\">1<\/span>\n<a class=\"page-numbers\" href=\"https:\/\/www.pierrecaner.com\/index.php\/wp-json\/wp\/v2\/pages\/1186\/?paged=2\">2<\/a>\n<a class=\"page-numbers\" href=\"https:\/\/www.pierrecaner.com\/index.php\/wp-json\/wp\/v2\/pages\/1186\/?paged=3\">3<\/a>\n<a class=\"next page-numbers\" href=\"https:\/\/www.pierrecaner.com\/index.php\/wp-json\/wp\/v2\/pages\/1186\/?paged=2\">Next<\/a><\/div><\/div>","protected":false},"excerpt":{"rendered":"<p>Ensemble des pi\u00e8ces, pr\u00e9sent\u00e9es de la plus r\u00e9cente \u00e0 la plus ancienne sans distinction de cat\u00e9gorie d&rsquo;\u0153uvre.<\/p>\n","protected":false},"author":1,"featured_media":0,"parent":0,"menu_order":0,"comment_status":"closed","ping_status":"closed","template":"","meta":{"_themeisle_gutenberg_block_has_review":false,"footnotes":""},"class_list":["post-1186","page","type-page","status-publish","hentry"],"_links":{"self":[{"href":"https:\/\/www.pierrecaner.com\/index.php\/wp-json\/wp\/v2\/pages\/1186","targetHints":{"allow":["GET"]}}],"collection":[{"href":"https:\/\/www.pierrecaner.com\/index.php\/wp-json\/wp\/v2\/pages"}],"about":[{"href":"https:\/\/www.pierrecaner.com\/index.php\/wp-json\/wp\/v2\/types\/page"}],"author":[{"embeddable":true,"href":"https:\/\/www.pierrecaner.com\/index.php\/wp-json\/wp\/v2\/users\/1"}],"replies":[{"embeddable":true,"href":"https:\/\/www.pierrecaner.com\/index.php\/wp-json\/wp\/v2\/comments?post=1186"}],"version-history":[{"count":11,"href":"https:\/\/www.pierrecaner.com\/index.php\/wp-json\/wp\/v2\/pages\/1186\/revisions"}],"predecessor-version":[{"id":1386,"href":"https:\/\/www.pierrecaner.com\/index.php\/wp-json\/wp\/v2\/pages\/1186\/revisions\/1386"}],"wp:attachment":[{"href":"https:\/\/www.pierrecaner.com\/index.php\/wp-json\/wp\/v2\/media?parent=1186"}],"curies":[{"name":"wp","href":"https:\/\/api.w.org\/{rel}","templated":true}]}}